{"id":824,"date":"2023-05-17T12:18:59","date_gmt":"2023-05-17T10:18:59","guid":{"rendered":"https:\/\/www.salonerestaurofirenze.com\/web\/?page_id=824"},"modified":"2023-09-22T11:21:22","modified_gmt":"2023-09-22T09:21:22","slug":"edizione-2012","status":"publish","type":"page","link":"https:\/\/www.salonerestaurofirenze.com\/web\/edizione-2012\/","title":{"rendered":"Edizione 2012"},"content":{"rendered":"<div id=\"pl-824\"  class=\"panel-layout\" ><div id=\"pg-824-0\"  class=\"panel-grid panel-has-style\" ><div class=\"siteorigin-panels-stretch panel-row-style panel-row-style-for-824-0\" data-stretch-type=\"full-stretched\" ><div id=\"pgc-824-0-0\"  class=\"panel-grid-cell\" ><div id=\"panel-824-0-0-0\" class=\"so-panel widget widget_sow-hero panel-first-child panel-last-child\" data-index=\"0\" ><div class=\"panel-widget-style panel-widget-style-for-824-0-0-0\" ><div\n\t\t\t\n\t\t\tclass=\"so-widget-sow-hero so-widget-sow-hero-default-f19f9a3ed1ca-824 so-widget-fittext-wrapper\"\n\t\t\t data-fit-text-compressor=\"0.85\"\n\t\t>\t\t\t\t<div class=\"sow-slider-base\" style=\"display: none\" tabindex=\"0\">\n\t\t\t\t\t<ul\n\t\t\t\t\tclass=\"sow-slider-images\"\n\t\t\t\t\tdata-settings=\"{&quot;pagination&quot;:true,&quot;speed&quot;:800,&quot;timeout&quot;:8000,&quot;paused&quot;:false,&quot;pause_on_hover&quot;:false,&quot;swipe&quot;:true,&quot;nav_always_show_desktop&quot;:&quot;&quot;,&quot;nav_always_show_mobile&quot;:&quot;&quot;,&quot;breakpoint&quot;:&quot;780px&quot;,&quot;unmute&quot;:false,&quot;anchor&quot;:null}\"\n\t\t\t\t\t\t\t\t\t\tdata-anchor-id=\"\"\n\t\t\t\t>\t\t<li class=\"sow-slider-image  sow-slider-image-cover\" style=\"visibility: visible;;background-image: url(https:\/\/www.salonerestaurofirenze.com\/web\/wp-content\/uploads\/2023\/05\/srf-2012-04.jpg)\" >\n\t\t\t\t\t<div class=\"sow-slider-image-container\">\n\t\t\t<div class=\"sow-slider-image-wrapper\">\n\t\t\t\t<h1 style=\"text-align: left\"><img loading=\"lazy\" decoding=\"async\" class=\"alignnone size-medium wp-image-1215\" src=\"https:\/\/www.salonerestaurofirenze.com\/web\/wp-content\/uploads\/2023\/09\/Logo-Salone-Arte-Restauro-2024-bianco-300x214.png\" alt=\"\" width=\"300\" height=\"214\" srcset=\"https:\/\/www.salonerestaurofirenze.com\/web\/wp-content\/uploads\/2023\/09\/Logo-Salone-Arte-Restauro-2024-bianco-300x214.png 300w, https:\/\/www.salonerestaurofirenze.com\/web\/wp-content\/uploads\/2023\/09\/Logo-Salone-Arte-Restauro-2024-bianco-768x548.png 768w, https:\/\/www.salonerestaurofirenze.com\/web\/wp-content\/uploads\/2023\/09\/Logo-Salone-Arte-Restauro-2024-bianco.png 777w\" sizes=\"auto, (max-width: 300px) 100vw, 300px\" \/><\/h1>\n<h4 class=\"site-title\"><strong>Edizione 2012<\/strong><\/h4>\n<h5>08-12 Novembre 2012<\/h5>\n<h6><strong>Fortezza da Basso, Padiglione Cavaniglia<\/strong><\/h6>\n<h2><strong>Firenze<\/strong><\/h2>\n\t\t\t<\/div>\n\t\t<\/div>\n\t\t\t\t<\/li>\n\t\t\t\t<li class=\"sow-slider-image  sow-slider-image-cover\" style=\"visibility: hidden;\" data-background=\"url(https:\/\/www.salonerestaurofirenze.com\/web\/wp-content\/uploads\/2023\/05\/srf-2012-03.jpg)\" >\n\t\t\t\t\t<div class=\"sow-slider-image-container\">\n\t\t\t<div class=\"sow-slider-image-wrapper\">\n\t\t\t\t<h1 style=\"text-align: left\"><img loading=\"lazy\" decoding=\"async\" class=\"alignnone size-medium wp-image-1215\" src=\"https:\/\/www.salonerestaurofirenze.com\/web\/wp-content\/uploads\/2023\/09\/Logo-Salone-Arte-Restauro-2024-bianco-300x214.png\" alt=\"\" width=\"300\" height=\"214\" srcset=\"https:\/\/www.salonerestaurofirenze.com\/web\/wp-content\/uploads\/2023\/09\/Logo-Salone-Arte-Restauro-2024-bianco-300x214.png 300w, https:\/\/www.salonerestaurofirenze.com\/web\/wp-content\/uploads\/2023\/09\/Logo-Salone-Arte-Restauro-2024-bianco-768x548.png 768w, https:\/\/www.salonerestaurofirenze.com\/web\/wp-content\/uploads\/2023\/09\/Logo-Salone-Arte-Restauro-2024-bianco.png 777w\" sizes=\"auto, (max-width: 300px) 100vw, 300px\" \/><\/h1>\n<h4 class=\"site-title\"><strong>Edizione 2012<\/strong><\/h4>\n<h5>08-12 Novembre 2012<\/h5>\n<h6><strong>Fortezza da Basso, Padiglione Cavaniglia<\/strong><\/h6>\n<h2><strong>Firenze<\/strong><\/h2>\n\t\t\t<\/div>\n\t\t<\/div>\n\t\t\t\t<\/li>\n\t\t<\/ul>\t\t\t\t<ol class=\"sow-slider-pagination\">\n\t\t\t\t\t\t\t\t\t\t\t<li><a href=\"#\" data-goto=\"0\" aria-label=\"Display slide 1\"><\/a><\/li>\n\t\t\t\t\t\t\t\t\t\t\t<li><a href=\"#\" data-goto=\"1\" aria-label=\"Display slide 2\"><\/a><\/li>\n\t\t\t\t\t\t\t\t\t<\/ol>\n\n\t\t\t\t<div class=\"sow-slide-nav sow-slide-nav-next\">\n\t\t\t\t\t<a href=\"#\" data-goto=\"next\" aria-label=\"Next slide\" data-action=\"next\">\n\t\t\t\t\t\t<em class=\"sow-sld-icon-thin-right\"><\/em>\n\t\t\t\t\t<\/a>\n\t\t\t\t<\/div>\n\n\t\t\t\t<div class=\"sow-slide-nav sow-slide-nav-prev\">\n\t\t\t\t\t<a href=\"#\" data-goto=\"previous\" aria-label=\"Previous slide\" data-action=\"prev\">\n\t\t\t\t\t\t<em class=\"sow-sld-icon-thin-left\"><\/em>\n\t\t\t\t\t<\/a>\n\t\t\t\t<\/div>\n\t\t\t\t<\/div><\/div><\/div><\/div><\/div><\/div><\/div><div id=\"pg-824-1\"  class=\"panel-grid panel-no-style\" ><div id=\"pgc-824-1-0\"  class=\"panel-grid-cell\" ><div id=\"panel-824-1-0-0\" class=\"so-panel widget widget_sow-editor panel-first-child panel-last-child\" data-index=\"1\" ><div\n\t\t\t\n\t\t\tclass=\"so-widget-sow-editor so-widget-sow-editor-base\"\n\t\t\t\n\t\t>\n<div class=\"siteorigin-widget-tinymce textwidget\">\n\t<div id=\"pg-46-0\" class=\"panel-grid panel-no-style\">\n<div id=\"pgc-46-0-0\" class=\"panel-grid-cell\">\n<div id=\"panel-46-0-0-0\" class=\"so-panel widget widget_sow-editor panel-first-child panel-last-child\" data-index=\"0\">\n<div class=\"so-widget-sow-editor so-widget-sow-editor-base\">\n<div class=\"siteorigin-widget-tinymce textwidget\">\n<h1 class=\"site-title\">EDIZIONE <strong>2012<\/strong><\/h1>\n<p>La terza edizione del Salone dell\u2019Arte e del Restauro di Firenze, in formato biennale, \u00e8 il risultato di un lavoro sostenuto dalla consapevolezza dei successi conseguiti con prime due edizioni e dalla volont\u00e0 di realizzare un appuntamento importante, stabile e di riferimento per la nostra Regione e il nostro Paese, territorio di assoluta eccellenza nella produzione di opere, nella formazione specialistica dei giovani, nella ricerca scientifica e nei servizi per la conservazione, il restauro e la valorizzazione del patrimonio culturale ed ambientale.<\/p>\n<p>Il Salone, elaborando un\u2019immagine legata alla Citt\u00e0 di Firenze (Capitale del Restauro) e alla expertise che le \u00e8 riconosciuta nel Mondo, nel campo della conservazione e del restauro, ha coinvolto le maggiori realt\u00e0 istituzionali e culturali con l\u2019obiettivo di realizzare un nuovo evento di respiro internazionale, altamente scientifico-culturale e commerciale allo stesso tempo, confermando ed attivando nuovi Patrocini e concretizzato accordi di collaborazione con Enti, Soprintendenze, Fondazioni, Associazioni di Categoria, Istituti di formazione e Aziende la cui presenza e le cui attivit\u00e0 hanno avuto il merito di apportare momenti rilevanti dal punto di vista culturale, della ricerca scientifica e dello sviluppo delle tecnologie innovative del settore.<\/p>\n<p>Per quanto concerne il valore culturale dell\u2019evento e il mantenimento dello standard di alto livello, degno della Citt\u00e0 ospitante, obiettivo principe \u00e8 stato la aver costituito fin dalla prima edizione un Comitato Scientifico, rappresentato poi da un selezionato Comitato Esecutivo, che \u00e8 osservatorio avanzato, guida e coscienza critica delle attivit\u00e0 fieristiche, delle mostre, degli eventi culturali e al quale sono state invitate a partecipare le maggiori Istituzioni fiorentine insieme a professionisti di fama internazionale.<\/p>\n<p>Il programma degli eventi culturali \u00e8 stato molto ricco e mirato ad informare e aggiornare esperti del settore. Accanto alla presentazione di convegni, comunicazioni e incontri tecnici dedicati ai grandi restauri e alle metodologie pi\u00f9 moderne, nonch\u00e9 alle problematiche inerenti il riconoscimento professionale della figura del restauratore.<\/p>\n<p>Sempre a sostegno dei Restauratori e perch\u00e9 vi sia testimonianza futura della missione del Salone, in collaborazione con The Friends of Florence Foundation \u00e8 nata la prima edizione del \u201cPremio Friends of Florence - Salone Restauro di Firenze 2012\u201d a favore di interventi di restauro, conservazione e tutela su beni culturali fiorentini, promossi da ditte di restauro specializzate.<\/p>\n<p>Il Salone con questa iniziativa ha voluto dimostrare di essere non una mera vetrina ma un evento al servizio della tutela del nostro inestimabile patrimonio fiorentino che, oltre ai grandi restauro, mostra una immensa quantit\u00e0 di opere d\u2019arte che necessitano di attenzione.<\/p>\n<p>Fra le altre azioni si segnala la messa a disposizione gratuita di uno spazio espositivo riservato agli attori impegnati nel ripristino dei Beni colpiti dal Sisma nella Regione Emilia Romagna, tra i quali in prima linea il Preg.mo Ministero dei Beni e delle Attivit\u00e0 Culturali e il Dipartimento della Protezione Civile e l\u2019inaugurazione dell\u2019area \u201cArte come Mestiere. Artigianato artistico e beni culturali\u201d che dimostra la sempre crescente collaborazione del Salone con CNA Firenze, Confartigianato Imprese Firenze e Artex Centro per l\u2019Artigianato Artistico e Tradizionale della Toscana..<\/p>\n<p>Le relazioni internazionali sono state implementate accogliendo relatori e delegazioni provenienti dal Cile, l\u2019India, la Turchia, l\u2019Armenia.<\/p>\n<\/div>\n<\/div>\n<\/div>\n<\/div>\n<\/div>\n<\/div>\n<\/div><\/div><\/div><\/div><div id=\"pg-824-2\"  class=\"panel-grid panel-has-style\" ><div class=\"siteorigin-panels-stretch panel-row-style panel-row-style-for-824-2\" data-stretch-type=\"full\" ><div id=\"pgc-824-2-0\"  class=\"panel-grid-cell\" ><div id=\"panel-824-2-0-0\" class=\"so-panel widget widget_ink-num-count panel-first-child panel-last-child\" data-index=\"2\" ><div\n\t\t\t\n\t\t\tclass=\"so-widget-ink-num-count so-widget-ink-num-count-number-3c7e0e8a1baa-824\"\n\t\t\t\n\t\t>\n<div class=\"iw-so-number\">\n\n\t\n\t<p class=\"iw-so-number-count iw-text-center\">\n\t\t\t\t<span class=\"iw-so-number-timer\" data-refresh-interval=\"50\" data-to=\"116\" data-speed=\"1000\" ><\/span>\n\t\t\t<\/p>\n\n\t\t\t<h3 class=\"iw-so-number-title iw-text-center\">Espositori<\/h3>\n\t\n<\/div>\n<\/div><\/div><\/div><div id=\"pgc-824-2-1\"  class=\"panel-grid-cell\" ><div id=\"panel-824-2-1-0\" class=\"so-panel widget widget_ink-num-count panel-first-child panel-last-child\" data-index=\"3\" ><div\n\t\t\t\n\t\t\tclass=\"so-widget-ink-num-count so-widget-ink-num-count-number-3c7e0e8a1baa-824\"\n\t\t\t\n\t\t>\n<div class=\"iw-so-number\">\n\n\t\n\t<p class=\"iw-so-number-count iw-text-center\">\n\t\t\t\t<span class=\"iw-so-number-timer\" data-refresh-interval=\"50\" data-to=\"6500\" data-speed=\"1000\" ><\/span>\n\t\t\t<\/p>\n\n\t\t\t<h3 class=\"iw-so-number-title iw-text-center\">Visitatori<\/h3>\n\t\n<\/div>\n<\/div><\/div><\/div><div id=\"pgc-824-2-2\"  class=\"panel-grid-cell\" ><div id=\"panel-824-2-2-0\" class=\"so-panel widget widget_ink-num-count panel-first-child panel-last-child\" data-index=\"4\" ><div\n\t\t\t\n\t\t\tclass=\"so-widget-ink-num-count so-widget-ink-num-count-number-3c7e0e8a1baa-824\"\n\t\t\t\n\t\t>\n<div class=\"iw-so-number\">\n\n\t\n\t<p class=\"iw-so-number-count iw-text-center\">\n\t\t\t\t<span class=\"iw-so-number-timer\" data-refresh-interval=\"50\" data-to=\"8\" data-speed=\"1000\" ><\/span>\n\t\t\t<\/p>\n\n\t\t\t<h3 class=\"iw-so-number-title iw-text-center\">Paesi ospitati<\/h3>\n\t\n<\/div>\n<\/div><\/div><\/div><div id=\"pgc-824-2-3\"  class=\"panel-grid-cell\" ><div id=\"panel-824-2-3-0\" class=\"so-panel widget widget_ink-num-count panel-first-child panel-last-child\" data-index=\"5\" ><div\n\t\t\t\n\t\t\tclass=\"so-widget-ink-num-count so-widget-ink-num-count-number-3c7e0e8a1baa-824\"\n\t\t\t\n\t\t>\n<div class=\"iw-so-number\">\n\n\t\n\t<p class=\"iw-so-number-count iw-text-center\">\n\t\t\t\t<span class=\"iw-so-number-timer\" data-refresh-interval=\"50\" data-to=\"9\" data-speed=\"1000\" ><\/span>\n\t\t\t<\/p>\n\n\t\t\t<h3 class=\"iw-so-number-title iw-text-center\">Eventi<\/h3>\n\t\n<\/div>\n<\/div><\/div><\/div><div id=\"pgc-824-2-4\"  class=\"panel-grid-cell\" ><div id=\"panel-824-2-4-0\" class=\"so-panel widget widget_ink-num-count panel-first-child panel-last-child\" data-index=\"6\" ><div\n\t\t\t\n\t\t\tclass=\"so-widget-ink-num-count so-widget-ink-num-count-number-3c7e0e8a1baa-824\"\n\t\t\t\n\t\t>\n<div class=\"iw-so-number\">\n\n\t\n\t<p class=\"iw-so-number-count iw-text-center\">\n\t\t\t\t<span class=\"iw-so-number-timer\" data-refresh-interval=\"50\" data-to=\"132\" data-speed=\"1000\" ><\/span>\n\t\t\t<\/p>\n\n\t\t\t<h3 class=\"iw-so-number-title iw-text-center\">Conferenze<\/h3>\n\t\n<\/div>\n<\/div><\/div><\/div><div id=\"pgc-824-2-5\"  class=\"panel-grid-cell\" ><div id=\"panel-824-2-5-0\" class=\"so-panel widget widget_ink-num-count panel-first-child panel-last-child\" data-index=\"7\" ><div\n\t\t\t\n\t\t\tclass=\"so-widget-ink-num-count so-widget-ink-num-count-number-3c7e0e8a1baa-824\"\n\t\t\t\n\t\t>\n<div class=\"iw-so-number\">\n\n\t\n\t<p class=\"iw-so-number-count iw-text-center\">\n\t\t\t\t<span class=\"iw-so-number-timer\" data-refresh-interval=\"50\" data-to=\"324\" data-speed=\"1000\" ><\/span>\n\t\t\t<\/p>\n\n\t\t\t<h3 class=\"iw-so-number-title iw-text-center\">Relatori<\/h3>\n\t\n<\/div>\n<\/div><\/div><\/div><div id=\"pgc-824-2-6\"  class=\"panel-grid-cell\" ><div id=\"panel-824-2-6-0\" class=\"so-panel widget widget_ink-num-count panel-first-child panel-last-child\" data-index=\"8\" ><div\n\t\t\t\n\t\t\tclass=\"so-widget-ink-num-count so-widget-ink-num-count-number-3c7e0e8a1baa-824\"\n\t\t\t\n\t\t>\n<div class=\"iw-so-number\">\n\n\t\n\t<p class=\"iw-so-number-count iw-text-center\">\n\t\t\t\t<span class=\"iw-so-number-timer\" data-refresh-interval=\"50\" data-to=\"52\" data-speed=\"1000\" ><\/span>\n\t\t\t<\/p>\n\n\t\t\t<h3 class=\"iw-so-number-title iw-text-center\">B2B<\/h3>\n\t\n<\/div>\n<\/div><\/div><\/div><\/div><\/div><div id=\"pg-824-3\"  class=\"panel-grid panel-no-style\" ><div id=\"pgc-824-3-0\"  class=\"panel-grid-cell\" ><div id=\"panel-824-3-0-0\" class=\"so-panel widget widget_sow-simple-masonry panel-first-child panel-last-child\" data-index=\"9\" ><div\n\t\t\t\n\t\t\tclass=\"so-widget-sow-simple-masonry so-widget-sow-simple-masonry-default-e14a0aa780eb-824\"\n\t\t\t\n\t\t>\n\n\t<div class=\"sow-masonry-grid-preloader\"><div><\/div><div><\/div><div><\/div><div><\/div><\/div>\n<div class=\"sow-masonry-grid\"\n\tdata-layouts=\"{&quot;desktop&quot;:{&quot;numColumns&quot;:6,&quot;rowHeight&quot;:0,&quot;gutter&quot;:4},&quot;tablet&quot;:{&quot;breakPoint&quot;:768,&quot;numColumns&quot;:3,&quot;rowHeight&quot;:0,&quot;gutter&quot;:4},&quot;mobile&quot;:{&quot;breakPoint&quot;:480,&quot;numColumns&quot;:2,&quot;rowHeight&quot;:0,&quot;gutter&quot;:4}}\" data-layout-origin-left=\"true\" style=\"opacity: 0;\">\n\t\t\t\t<div class=\"sow-masonry-grid-item\" data-col-span=\"2\"\n\t\t\t\tdata-row-span=\"1\">\n\t\t\t\t\n\t\t\t\t\n\t\t\t\t<img loading=\"lazy\" decoding=\"async\" width=\"1920\" height=\"1080\" src=\"https:\/\/www.salonerestaurofirenze.com\/web\/wp-content\/uploads\/2023\/05\/srf-2012-04.jpg\" class=\"sow-masonry-grid-image\" alt=\"\" title=\"\" srcset=\"https:\/\/www.salonerestaurofirenze.com\/web\/wp-content\/uploads\/2023\/05\/srf-2012-04.jpg 1920w, https:\/\/www.salonerestaurofirenze.com\/web\/wp-content\/uploads\/2023\/05\/srf-2012-04-300x169.jpg 300w, https:\/\/www.salonerestaurofirenze.com\/web\/wp-content\/uploads\/2023\/05\/srf-2012-04-1024x576.jpg 1024w, https:\/\/www.salonerestaurofirenze.com\/web\/wp-content\/uploads\/2023\/05\/srf-2012-04-768x432.jpg 768w, https:\/\/www.salonerestaurofirenze.com\/web\/wp-content\/uploads\/2023\/05\/srf-2012-04-1536x864.jpg 1536w\" sizes=\"auto, (max-width: 1920px) 100vw, 1920px\" \/>\n\t\t\t\t\n\t\t\t\t\t\t\t<\/div>\n\t\t\t\t\t\t<div class=\"sow-masonry-grid-item\" data-col-span=\"2\"\n\t\t\t\tdata-row-span=\"1\">\n\t\t\t\t\n\t\t\t\t\n\t\t\t\t<img loading=\"lazy\" decoding=\"async\" width=\"1920\" height=\"1080\" src=\"https:\/\/www.salonerestaurofirenze.com\/web\/wp-content\/uploads\/2023\/05\/srf-2012-03.jpg\" class=\"sow-masonry-grid-image\" alt=\"\" title=\"\" srcset=\"https:\/\/www.salonerestaurofirenze.com\/web\/wp-content\/uploads\/2023\/05\/srf-2012-03.jpg 1920w, https:\/\/www.salonerestaurofirenze.com\/web\/wp-content\/uploads\/2023\/05\/srf-2012-03-300x169.jpg 300w, https:\/\/www.salonerestaurofirenze.com\/web\/wp-content\/uploads\/2023\/05\/srf-2012-03-1024x576.jpg 1024w, https:\/\/www.salonerestaurofirenze.com\/web\/wp-content\/uploads\/2023\/05\/srf-2012-03-768x432.jpg 768w, https:\/\/www.salonerestaurofirenze.com\/web\/wp-content\/uploads\/2023\/05\/srf-2012-03-1536x864.jpg 1536w\" sizes=\"auto, (max-width: 1920px) 100vw, 1920px\" \/>\n\t\t\t\t\n\t\t\t\t\t\t\t<\/div>\n\t\t\t\t\t\t<div class=\"sow-masonry-grid-item\" data-col-span=\"2\"\n\t\t\t\tdata-row-span=\"1\">\n\t\t\t\t\n\t\t\t\t\n\t\t\t\t<img loading=\"lazy\" decoding=\"async\" width=\"1920\" height=\"1080\" src=\"https:\/\/www.salonerestaurofirenze.com\/web\/wp-content\/uploads\/2023\/05\/srf-2012-02.jpg\" class=\"sow-masonry-grid-image\" alt=\"\" title=\"\" srcset=\"https:\/\/www.salonerestaurofirenze.com\/web\/wp-content\/uploads\/2023\/05\/srf-2012-02.jpg 1920w, https:\/\/www.salonerestaurofirenze.com\/web\/wp-content\/uploads\/2023\/05\/srf-2012-02-300x169.jpg 300w, https:\/\/www.salonerestaurofirenze.com\/web\/wp-content\/uploads\/2023\/05\/srf-2012-02-1024x576.jpg 1024w, https:\/\/www.salonerestaurofirenze.com\/web\/wp-content\/uploads\/2023\/05\/srf-2012-02-768x432.jpg 768w, https:\/\/www.salonerestaurofirenze.com\/web\/wp-content\/uploads\/2023\/05\/srf-2012-02-1536x864.jpg 1536w\" sizes=\"auto, (max-width: 1920px) 100vw, 1920px\" \/>\n\t\t\t\t\n\t\t\t\t\t\t\t<\/div>\n\t\t\t\t\t\t<div class=\"sow-masonry-grid-item\" data-col-span=\"2\"\n\t\t\t\tdata-row-span=\"1\">\n\t\t\t\t\n\t\t\t\t\n\t\t\t\t<img loading=\"lazy\" decoding=\"async\" width=\"1920\" height=\"1080\" src=\"https:\/\/www.salonerestaurofirenze.com\/web\/wp-content\/uploads\/2023\/05\/srf-2012-01.jpg\" class=\"sow-masonry-grid-image\" alt=\"\" title=\"\" srcset=\"https:\/\/www.salonerestaurofirenze.com\/web\/wp-content\/uploads\/2023\/05\/srf-2012-01.jpg 1920w, https:\/\/www.salonerestaurofirenze.com\/web\/wp-content\/uploads\/2023\/05\/srf-2012-01-300x169.jpg 300w, https:\/\/www.salonerestaurofirenze.com\/web\/wp-content\/uploads\/2023\/05\/srf-2012-01-1024x576.jpg 1024w, https:\/\/www.salonerestaurofirenze.com\/web\/wp-content\/uploads\/2023\/05\/srf-2012-01-768x432.jpg 768w, https:\/\/www.salonerestaurofirenze.com\/web\/wp-content\/uploads\/2023\/05\/srf-2012-01-1536x864.jpg 1536w\" sizes=\"auto, (max-width: 1920px) 100vw, 1920px\" \/>\n\t\t\t\t\n\t\t\t\t\t\t\t<\/div>\n\t\t\t\n<\/div>\n<\/div><\/div><\/div><\/div><\/div>","protected":false},"excerpt":{"rendered":"<p>EDIZIONE 2012 La terza edizione del Salone dell\u2019Arte e del Restauro di Firenze, in formato biennale, \u00e8 il risultato di un lavoro sostenuto dalla consapevolezza dei successi conseguiti con prime due edizioni e dalla volont\u00e0 di realizzare un appuntamento importante,&#8230;<\/p>\n<div class=\"more-link-wrapper\"><a class=\"more-link\" href=\"https:\/\/www.salonerestaurofirenze.com\/web\/edizione-2012\/\"><span class=\"more-text\">Continua a leggere<\/span><\/a><\/div>\n","protected":false},"author":1,"featured_media":0,"parent":0,"menu_order":0,"comment_status":"closed","ping_status":"closed","template":"","meta":{"_monsterinsights_skip_tracking":false,"_monsterinsights_sitenote_active":false,"_monsterinsights_sitenote_note":"","_monsterinsights_sitenote_category":0,"footnotes":""},"class_list":["post-824","page","type-page","status-publish","hentry","post"],"yoast_head":"<!-- This site is optimized with the Yoast SEO plugin v28.4 - https:\/\/yoast.com\/product\/yoast-seo-wordpress\/ -->\n<title>Edizione 2012 | Salone dell\u2019Arte e del Restauro di Firenze<\/title>\n<meta name=\"robots\" content=\"index, follow, max-snippet:-1, max-image-preview:large, max-video-preview:-1\" \/>\n<link rel=\"canonical\" href=\"https:\/\/www.salonerestaurofirenze.com\/web\/edizione-2012\/\" \/>\n<meta property=\"og:locale\" content=\"it_IT\" \/>\n<meta property=\"og:type\" content=\"article\" \/>\n<meta property=\"og:title\" content=\"Edizione 2012 | Salone dell\u2019Arte e del Restauro di Firenze\" \/>\n<meta property=\"og:description\" content=\"EDIZIONE 2012 La terza edizione del Salone dell\u2019Arte e del Restauro di Firenze, in formato biennale, \u00e8 il risultato di un lavoro sostenuto dalla consapevolezza dei successi conseguiti con prime due edizioni e dalla volont\u00e0 di realizzare un appuntamento importante,...Continua a leggere\" \/>\n<meta property=\"og:url\" content=\"https:\/\/www.salonerestaurofirenze.com\/web\/edizione-2012\/\" \/>\n<meta property=\"og:site_name\" content=\"SRF\" \/>\n<meta property=\"article:modified_time\" content=\"2023-09-22T09:21:22+00:00\" \/>\n<meta name=\"twitter:card\" content=\"summary_large_image\" \/>\n<meta name=\"twitter:label1\" content=\"Tempo di lettura stimato\" \/>\n\t<meta name=\"twitter:data1\" content=\"4 minuti\" \/>\n<script type=\"application\/ld+json\" class=\"yoast-schema-graph\">{\"@context\":\"https:\\\/\\\/schema.org\",\"@graph\":[{\"@type\":\"WebPage\",\"@id\":\"https:\\\/\\\/www.salonerestaurofirenze.com\\\/web\\\/edizione-2012\\\/\",\"url\":\"https:\\\/\\\/www.salonerestaurofirenze.com\\\/web\\\/edizione-2012\\\/\",\"name\":\"Edizione 2012 | Salone dell\u2019Arte e del Restauro di Firenze\",\"isPartOf\":{\"@id\":\"https:\\\/\\\/www.salonerestaurofirenze.com\\\/web\\\/#website\"},\"datePublished\":\"2023-05-17T10:18:59+00:00\",\"dateModified\":\"2023-09-22T09:21:22+00:00\",\"breadcrumb\":{\"@id\":\"https:\\\/\\\/www.salonerestaurofirenze.com\\\/web\\\/edizione-2012\\\/#breadcrumb\"},\"inLanguage\":\"it-IT\",\"potentialAction\":[{\"@type\":\"ReadAction\",\"target\":[\"https:\\\/\\\/www.salonerestaurofirenze.com\\\/web\\\/edizione-2012\\\/\"]}]},{\"@type\":\"BreadcrumbList\",\"@id\":\"https:\\\/\\\/www.salonerestaurofirenze.com\\\/web\\\/edizione-2012\\\/#breadcrumb\",\"itemListElement\":[{\"@type\":\"ListItem\",\"position\":1,\"name\":\"Home\",\"item\":\"https:\\\/\\\/www.salonerestaurofirenze.com\\\/web\\\/\"},{\"@type\":\"ListItem\",\"position\":2,\"name\":\"Edizione 2012\"}]},{\"@type\":\"WebSite\",\"@id\":\"https:\\\/\\\/www.salonerestaurofirenze.com\\\/web\\\/#website\",\"url\":\"https:\\\/\\\/www.salonerestaurofirenze.com\\\/web\\\/\",\"name\":\"Salone dell'Arte e del Restauro di Firenze\",\"description\":\"Biennale Internazionale, Musei, Arte, Restauro e Tecnologie\",\"publisher\":{\"@id\":\"https:\\\/\\\/www.salonerestaurofirenze.com\\\/web\\\/#organization\"},\"alternateName\":\"SRF2026\",\"potentialAction\":[{\"@type\":\"SearchAction\",\"target\":{\"@type\":\"EntryPoint\",\"urlTemplate\":\"https:\\\/\\\/www.salonerestaurofirenze.com\\\/web\\\/?s={search_term_string}\"},\"query-input\":{\"@type\":\"PropertyValueSpecification\",\"valueRequired\":true,\"valueName\":\"search_term_string\"}}],\"inLanguage\":\"it-IT\"},{\"@type\":\"Organization\",\"@id\":\"https:\\\/\\\/www.salonerestaurofirenze.com\\\/web\\\/#organization\",\"name\":\"Salone dell'Arte e del Restauro di Firenze\",\"alternateName\":\"SRF2026\",\"url\":\"https:\\\/\\\/www.salonerestaurofirenze.com\\\/web\\\/\",\"logo\":{\"@type\":\"ImageObject\",\"inLanguage\":\"it-IT\",\"@id\":\"https:\\\/\\\/www.salonerestaurofirenze.com\\\/web\\\/#\\\/schema\\\/logo\\\/image\\\/\",\"url\":\"https:\\\/\\\/www.salonerestaurofirenze.com\\\/web\\\/wp-content\\\/uploads\\\/2025\\\/09\\\/Logo-Salone-Arte-Restauro-2026-10E.png\",\"contentUrl\":\"https:\\\/\\\/www.salonerestaurofirenze.com\\\/web\\\/wp-content\\\/uploads\\\/2025\\\/09\\\/Logo-Salone-Arte-Restauro-2026-10E.png\",\"width\":1041,\"height\":639,\"caption\":\"Salone dell'Arte e del Restauro di Firenze\"},\"image\":{\"@id\":\"https:\\\/\\\/www.salonerestaurofirenze.com\\\/web\\\/#\\\/schema\\\/logo\\\/image\\\/\"}}]}<\/script>\n<!-- \/ Yoast SEO plugin. -->","yoast_head_json":{"title":"Edizione 2012 | Salone dell\u2019Arte e del Restauro di Firenze","robots":{"index":"index","follow":"follow","max-snippet":"max-snippet:-1","max-image-preview":"max-image-preview:large","max-video-preview":"max-video-preview:-1"},"canonical":"https:\/\/www.salonerestaurofirenze.com\/web\/edizione-2012\/","og_locale":"it_IT","og_type":"article","og_title":"Edizione 2012 | Salone dell\u2019Arte e del Restauro di Firenze","og_description":"EDIZIONE 2012 La terza edizione del Salone dell\u2019Arte e del Restauro di Firenze, in formato biennale, \u00e8 il risultato di un lavoro sostenuto dalla consapevolezza dei successi conseguiti con prime due edizioni e dalla volont\u00e0 di realizzare un appuntamento importante,...Continua a leggere","og_url":"https:\/\/www.salonerestaurofirenze.com\/web\/edizione-2012\/","og_site_name":"SRF","article_modified_time":"2023-09-22T09:21:22+00:00","twitter_card":"summary_large_image","twitter_misc":{"Tempo di lettura stimato":"4 minuti"},"schema":{"@context":"https:\/\/schema.org","@graph":[{"@type":"WebPage","@id":"https:\/\/www.salonerestaurofirenze.com\/web\/edizione-2012\/","url":"https:\/\/www.salonerestaurofirenze.com\/web\/edizione-2012\/","name":"Edizione 2012 | Salone dell\u2019Arte e del Restauro di Firenze","isPartOf":{"@id":"https:\/\/www.salonerestaurofirenze.com\/web\/#website"},"datePublished":"2023-05-17T10:18:59+00:00","dateModified":"2023-09-22T09:21:22+00:00","breadcrumb":{"@id":"https:\/\/www.salonerestaurofirenze.com\/web\/edizione-2012\/#breadcrumb"},"inLanguage":"it-IT","potentialAction":[{"@type":"ReadAction","target":["https:\/\/www.salonerestaurofirenze.com\/web\/edizione-2012\/"]}]},{"@type":"BreadcrumbList","@id":"https:\/\/www.salonerestaurofirenze.com\/web\/edizione-2012\/#breadcrumb","itemListElement":[{"@type":"ListItem","position":1,"name":"Home","item":"https:\/\/www.salonerestaurofirenze.com\/web\/"},{"@type":"ListItem","position":2,"name":"Edizione 2012"}]},{"@type":"WebSite","@id":"https:\/\/www.salonerestaurofirenze.com\/web\/#website","url":"https:\/\/www.salonerestaurofirenze.com\/web\/","name":"Salone dell'Arte e del Restauro di Firenze","description":"Biennale Internazionale, Musei, Arte, Restauro e Tecnologie","publisher":{"@id":"https:\/\/www.salonerestaurofirenze.com\/web\/#organization"},"alternateName":"SRF2026","potentialAction":[{"@type":"SearchAction","target":{"@type":"EntryPoint","urlTemplate":"https:\/\/www.salonerestaurofirenze.com\/web\/?s={search_term_string}"},"query-input":{"@type":"PropertyValueSpecification","valueRequired":true,"valueName":"search_term_string"}}],"inLanguage":"it-IT"},{"@type":"Organization","@id":"https:\/\/www.salonerestaurofirenze.com\/web\/#organization","name":"Salone dell'Arte e del Restauro di Firenze","alternateName":"SRF2026","url":"https:\/\/www.salonerestaurofirenze.com\/web\/","logo":{"@type":"ImageObject","inLanguage":"it-IT","@id":"https:\/\/www.salonerestaurofirenze.com\/web\/#\/schema\/logo\/image\/","url":"https:\/\/www.salonerestaurofirenze.com\/web\/wp-content\/uploads\/2025\/09\/Logo-Salone-Arte-Restauro-2026-10E.png","contentUrl":"https:\/\/www.salonerestaurofirenze.com\/web\/wp-content\/uploads\/2025\/09\/Logo-Salone-Arte-Restauro-2026-10E.png","width":1041,"height":639,"caption":"Salone dell'Arte e del Restauro di Firenze"},"image":{"@id":"https:\/\/www.salonerestaurofirenze.com\/web\/#\/schema\/logo\/image\/"}}]}},"rttpg_featured_image_url":null,"rttpg_author":{"display_name":"Francesco Luglio","author_link":"https:\/\/www.salonerestaurofirenze.com\/web\/author\/francesco-luglio\/"},"rttpg_comment":0,"rttpg_category":null,"rttpg_excerpt":"EDIZIONE 2012 La terza edizione del Salone dell\u2019Arte e del Restauro di Firenze, in formato biennale, \u00e8 il risultato di un lavoro sostenuto dalla consapevolezza dei successi conseguiti con prime due edizioni e dalla volont\u00e0 di realizzare un appuntamento importante,...Continua a leggere","_links":{"self":[{"href":"https:\/\/www.salonerestaurofirenze.com\/web\/wp-json\/wp\/v2\/pages\/824","targetHints":{"allow":["GET"]}}],"collection":[{"href":"https:\/\/www.salonerestaurofirenze.com\/web\/wp-json\/wp\/v2\/pages"}],"about":[{"href":"https:\/\/www.salonerestaurofirenze.com\/web\/wp-json\/wp\/v2\/types\/page"}],"author":[{"embeddable":true,"href":"https:\/\/www.salonerestaurofirenze.com\/web\/wp-json\/wp\/v2\/users\/1"}],"replies":[{"embeddable":true,"href":"https:\/\/www.salonerestaurofirenze.com\/web\/wp-json\/wp\/v2\/comments?post=824"}],"version-history":[{"count":13,"href":"https:\/\/www.salonerestaurofirenze.com\/web\/wp-json\/wp\/v2\/pages\/824\/revisions"}],"predecessor-version":[{"id":1231,"href":"https:\/\/www.salonerestaurofirenze.com\/web\/wp-json\/wp\/v2\/pages\/824\/revisions\/1231"}],"wp:attachment":[{"href":"https:\/\/www.salonerestaurofirenze.com\/web\/wp-json\/wp\/v2\/media?parent=824"}],"curies":[{"name":"wp","href":"https:\/\/api.w.org\/{rel}","templated":true}]}}