{"id":2323,"date":"2025-05-07T15:24:26","date_gmt":"2025-05-07T13:24:26","guid":{"rendered":"https:\/\/www.salonerestaurofirenze.com\/web\/?page_id=2323"},"modified":"2025-05-07T15:25:54","modified_gmt":"2025-05-07T13:25:54","slug":"edizione-2024","status":"publish","type":"page","link":"https:\/\/www.salonerestaurofirenze.com\/web\/edizione-2024\/","title":{"rendered":"Edizione 2024"},"content":{"rendered":"<div id=\"pl-2323\"  class=\"panel-layout\" ><div id=\"pg-2323-0\"  class=\"panel-grid panel-has-style\" ><div class=\"siteorigin-panels-stretch panel-row-style panel-row-style-for-2323-0\" data-stretch-type=\"full-width-stretch\" ><div id=\"pgc-2323-0-0\"  class=\"panel-grid-cell\" ><div id=\"panel-2323-0-0-0\" class=\"so-panel widget widget_sow-hero panel-first-child panel-last-child\" data-index=\"0\" ><div class=\"panel-widget-style panel-widget-style-for-2323-0-0-0\" ><div\n\t\t\t\n\t\t\tclass=\"so-widget-sow-hero so-widget-sow-hero-default-8eb97ae548b8-2323 so-widget-fittext-wrapper\"\n\t\t\t data-fit-text-compressor=\"0.85\"\n\t\t>\t\t\t\t<div class=\"sow-slider-base\" style=\"display: none\" tabindex=\"0\">\n\t\t\t\t\t<ul\n\t\t\t\t\tclass=\"sow-slider-images\"\n\t\t\t\t\tdata-settings=\"{&quot;pagination&quot;:true,&quot;speed&quot;:800,&quot;timeout&quot;:8000,&quot;paused&quot;:false,&quot;pause_on_hover&quot;:false,&quot;swipe&quot;:true,&quot;nav_always_show_desktop&quot;:&quot;&quot;,&quot;nav_always_show_mobile&quot;:&quot;&quot;,&quot;breakpoint&quot;:&quot;780px&quot;,&quot;unmute&quot;:false,&quot;anchor&quot;:null}\"\n\t\t\t\t\t\t\t\t\t\tdata-anchor-id=\"\"\n\t\t\t\t>\t\t<li class=\"sow-slider-image  sow-slider-image-cover\" style=\"visibility: visible;;background-image: url(https:\/\/www.salonerestaurofirenze.com\/web\/wp-content\/uploads\/2023\/04\/srf22_0000s_0003_DSC_0330.jpg)\" >\n\t\t\t\t\t<div class=\"sow-slider-image-container\">\n\t\t\t<div class=\"sow-slider-image-wrapper\">\n\t\t\t\t<h1 style=\"text-align: left\"><img loading=\"lazy\" decoding=\"async\" class=\"alignnone size-medium wp-image-1215\" src=\"https:\/\/www.salonerestaurofirenze.com\/web\/wp-content\/uploads\/2023\/09\/Logo-Salone-Arte-Restauro-2024-bianco-300x214.png\" alt=\"\" width=\"300\" height=\"214\" srcset=\"https:\/\/www.salonerestaurofirenze.com\/web\/wp-content\/uploads\/2023\/09\/Logo-Salone-Arte-Restauro-2024-bianco-300x214.png 300w, https:\/\/www.salonerestaurofirenze.com\/web\/wp-content\/uploads\/2023\/09\/Logo-Salone-Arte-Restauro-2024-bianco-768x548.png 768w, https:\/\/www.salonerestaurofirenze.com\/web\/wp-content\/uploads\/2023\/09\/Logo-Salone-Arte-Restauro-2024-bianco.png 777w\" sizes=\"auto, (max-width: 300px) 100vw, 300px\" \/><\/h1>\n<h4 class=\"site-title\"><strong>Edizione 2022<\/strong><\/h4>\n<h5>16-18 Maggio 2022<\/h5>\n<h6><strong>Palazzo della Borsa Camera di Commercio <\/strong><\/h6>\n<h2><strong>Firenze<\/strong><\/h2>\n\t\t\t<\/div>\n\t\t<\/div>\n\t\t\t\t<\/li>\n\t\t<\/ul>\t\t\t\t<ol class=\"sow-slider-pagination\">\n\t\t\t\t\t\t\t\t\t\t\t<li><a href=\"#\" data-goto=\"0\" aria-label=\"Display slide 1\"><\/a><\/li>\n\t\t\t\t\t\t\t\t\t<\/ol>\n\n\t\t\t\t<div class=\"sow-slide-nav sow-slide-nav-next\">\n\t\t\t\t\t<a href=\"#\" data-goto=\"next\" aria-label=\"Next slide\" data-action=\"next\">\n\t\t\t\t\t\t<em class=\"sow-sld-icon-thin-right\"><\/em>\n\t\t\t\t\t<\/a>\n\t\t\t\t<\/div>\n\n\t\t\t\t<div class=\"sow-slide-nav sow-slide-nav-prev\">\n\t\t\t\t\t<a href=\"#\" data-goto=\"previous\" aria-label=\"Previous slide\" data-action=\"prev\">\n\t\t\t\t\t\t<em class=\"sow-sld-icon-thin-left\"><\/em>\n\t\t\t\t\t<\/a>\n\t\t\t\t<\/div>\n\t\t\t\t<\/div><\/div><\/div><\/div><\/div><\/div><\/div><div id=\"pg-2323-1\"  class=\"panel-grid panel-no-style\" ><div id=\"pgc-2323-1-0\"  class=\"panel-grid-cell\" ><div id=\"panel-2323-1-0-0\" class=\"so-panel widget widget_sow-editor panel-first-child panel-last-child\" data-index=\"1\" ><div\n\t\t\t\n\t\t\tclass=\"so-widget-sow-editor so-widget-sow-editor-base\"\n\t\t\t\n\t\t>\n<div class=\"siteorigin-widget-tinymce textwidget\">\n\t<div id=\"pg-46-0\" class=\"panel-grid panel-no-style\">\n<div id=\"pgc-46-0-0\" class=\"panel-grid-cell\">\n<div id=\"panel-46-0-0-0\" class=\"so-panel widget widget_sow-editor panel-first-child panel-last-child\" data-index=\"0\">\n<div class=\"so-widget-sow-editor so-widget-sow-editor-base\">\n<div class=\"siteorigin-widget-tinymce textwidget\">\n<h1 class=\"site-title\">EDIZIONE <strong>2024<\/strong><\/h1>\n<p>Dopo il periodo di pausa dovuto all\u2019emergenza Covid, il \u00a0Salone dell\u2019Arte e del Restauro di Firenze ritorna in presenza organizzando la sua VIII edizione, nei giorni 16, 17 e 18 maggio 2022 presso il Palazzo della Borsa della Camera di Commercio di Firenze.<\/p>\n<p>In un periodo di divieto di spostamenti e assembramenti appena concluso, gli utenti affezionati al Salone hanno finalmente potuto assistere agli eventi culturali in diretta e live comodamente da qualsiasi strumento informatico (computer, tablet o telefonino) e ha dato modo agli addetti del settore e appassionati di potersi aggiornare e informare sui prodotti e servizi delle aziende e sui nuovi progetti in corso delle Istituzioni presenti.<\/p>\n<p>Gli eventi proposti sono stati molto seguiti ed apprezzati ed hanno visto una ampia partecipazione nei tre giorni di programma. Dalla presentazione di \u201cFirenze Citt\u00e0 del Restauro\u201d ai seminari e workshop del Ministero della Cultura e dell\u2019Opificio delle Pietre Dure, dalle conferenze internazionali alla consegna dei prestigiosi premi, il Salone ha permesso di approfondire tematiche importanti del settore.<\/p>\n<p>Il Main event del Salone si \u00e8 confermato l\u2019International Conference Florence HERI-TEC - The Future of Heritage Science and Technologies, giunta alla terza edizione.<\/p>\n<p>Accanto alle tradizionali aree di studio (European funds for cultural heritage, materials science, diagnostics and monitoring, engineering, ict and digital heritage), sono state aggiunte due nuove aree (environment and cultural heritage, sustainable architecture for cultural heritage) e una special session: european funds for cultural heritage.<\/p>\n<p>L\u2019edizione 2022 ha visto la partecipazione di 168 papers (di cui 123 Papers scelti e pubblicati da Springer Publisher (Germany). La Pubblicazione avvenuta nel mese di dicembre 2022), Universit\u00e0 e Istituti di Ricerca provenienti da 24 Paesi e 5 Continenti che si sono alternati in: 3 plenary sessions live e 9 parallel sessions con oltre 150 relatori.<\/p>\n<p>Tra i premi consegnati si conferma l\u2019importanza del VI Premio Friends of Florence \u2013 Salone Restauro di Firenze 2022 e del Premio Palazzo Spinelli.<\/p>\n<p>L\u2019evento ha riscosso una ottima visibilit\u00e0 nelle maggiori testate giornalistiche nazionali e locali e nelle riviste di settore, cartacee e online. Durante i tre giorni del Salone c\u2019\u00e8 stato un picco di ascolti e di accesso al portale del sito con un aumento dell\u201980% rispetto ai giorni fuori evento, grazie alla condivisione e visibilit\u00e0 in tempo reale, sui social network del Salone (Facebook e Instagram in particolare). Il riferimento \u00e8 in rapporto alle visualizzazioni che il sito ha riportato gi\u00e0 a partire da 15 giorni prima dell\u2019inizio e durante i tre giorni del Salone, ovvero un incremento pari al 80%. Inoltre, tale aumento \u00e8 stato riscontrato anche nelle 4 settimane successive la chiusura del Salone pari al 60%, registrando una crescita relativa alle richieste di condivisione delle iniziative ed eventi del Salone.<\/p>\n<\/div>\n<\/div>\n<\/div>\n<\/div>\n<\/div>\n<\/div>\n<\/div><\/div><\/div><\/div><div id=\"pg-2323-2\"  class=\"panel-grid panel-has-style\" ><div class=\"siteorigin-panels-stretch panel-row-style panel-row-style-for-2323-2\" data-stretch-type=\"full\" ><div id=\"pgc-2323-2-0\"  class=\"panel-grid-cell\" ><div id=\"panel-2323-2-0-0\" class=\"so-panel widget widget_ink-num-count panel-first-child panel-last-child\" data-index=\"2\" ><div\n\t\t\t\n\t\t\tclass=\"so-widget-ink-num-count so-widget-ink-num-count-number-3c7e0e8a1baa-2323\"\n\t\t\t\n\t\t>\n<div class=\"iw-so-number\">\n\n\t\n\t<p class=\"iw-so-number-count iw-text-center\">\n\t\t\t\t<span class=\"iw-so-number-timer\" data-refresh-interval=\"50\" data-to=\"25\" data-speed=\"1000\" ><\/span>\n\t\t\t<\/p>\n\n\t\t\t<h3 class=\"iw-so-number-title iw-text-center\">Espositori<\/h3>\n\t\n<\/div>\n<\/div><\/div><\/div><div id=\"pgc-2323-2-1\"  class=\"panel-grid-cell\" ><div id=\"panel-2323-2-1-0\" class=\"so-panel widget widget_ink-num-count panel-first-child panel-last-child\" data-index=\"3\" ><div\n\t\t\t\n\t\t\tclass=\"so-widget-ink-num-count so-widget-ink-num-count-number-3c7e0e8a1baa-2323\"\n\t\t\t\n\t\t>\n<div class=\"iw-so-number\">\n\n\t\n\t<p class=\"iw-so-number-count iw-text-center\">\n\t\t\t\t<span class=\"iw-so-number-timer\" data-refresh-interval=\"50\" data-to=\"2300\" data-speed=\"1000\" ><\/span>\n\t\t\t<\/p>\n\n\t\t\t<h3 class=\"iw-so-number-title iw-text-center\">Visitatori<\/h3>\n\t\n<\/div>\n<\/div><\/div><\/div><div id=\"pgc-2323-2-2\"  class=\"panel-grid-cell\" ><div id=\"panel-2323-2-2-0\" class=\"so-panel widget widget_ink-num-count panel-first-child panel-last-child\" data-index=\"4\" ><div\n\t\t\t\n\t\t\tclass=\"so-widget-ink-num-count so-widget-ink-num-count-number-3c7e0e8a1baa-2323\"\n\t\t\t\n\t\t>\n<div class=\"iw-so-number\">\n\n\t\n\t<p class=\"iw-so-number-count iw-text-center\">\n\t\t\t\t<span class=\"iw-so-number-timer\" data-refresh-interval=\"50\" data-to=\"10\" data-speed=\"1000\" ><\/span>\n\t\t\t<\/p>\n\n\t\t\t<h3 class=\"iw-so-number-title iw-text-center\">Paesi ospitati<\/h3>\n\t\n<\/div>\n<\/div><\/div><\/div><div id=\"pgc-2323-2-3\"  class=\"panel-grid-cell\" ><div id=\"panel-2323-2-3-0\" class=\"so-panel widget widget_ink-num-count panel-first-child panel-last-child\" data-index=\"5\" ><div\n\t\t\t\n\t\t\tclass=\"so-widget-ink-num-count so-widget-ink-num-count-number-3c7e0e8a1baa-2323\"\n\t\t\t\n\t\t>\n<div class=\"iw-so-number\">\n\n\t\n\t<p class=\"iw-so-number-count iw-text-center\">\n\t\t\t\t<span class=\"iw-so-number-timer\" data-refresh-interval=\"50\" data-to=\"6\" data-speed=\"1000\" ><\/span>\n\t\t\t<\/p>\n\n\t\t\t<h3 class=\"iw-so-number-title iw-text-center\">Eventi<\/h3>\n\t\n<\/div>\n<\/div><\/div><\/div><div id=\"pgc-2323-2-4\"  class=\"panel-grid-cell\" ><div id=\"panel-2323-2-4-0\" class=\"so-panel widget widget_ink-num-count panel-first-child panel-last-child\" data-index=\"6\" ><div\n\t\t\t\n\t\t\tclass=\"so-widget-ink-num-count so-widget-ink-num-count-number-3c7e0e8a1baa-2323\"\n\t\t\t\n\t\t>\n<div class=\"iw-so-number\">\n\n\t\n\t<p class=\"iw-so-number-count iw-text-center\">\n\t\t\t\t<span class=\"iw-so-number-timer\" data-refresh-interval=\"50\" data-to=\"90\" data-speed=\"1000\" ><\/span>\n\t\t\t<\/p>\n\n\t\t\t<h3 class=\"iw-so-number-title iw-text-center\">Conferenze<\/h3>\n\t\n<\/div>\n<\/div><\/div><\/div><div id=\"pgc-2323-2-5\"  class=\"panel-grid-cell\" ><div id=\"panel-2323-2-5-0\" class=\"so-panel widget widget_ink-num-count panel-first-child panel-last-child\" data-index=\"7\" ><div\n\t\t\t\n\t\t\tclass=\"so-widget-ink-num-count so-widget-ink-num-count-number-3c7e0e8a1baa-2323\"\n\t\t\t\n\t\t>\n<div class=\"iw-so-number\">\n\n\t\n\t<p class=\"iw-so-number-count iw-text-center\">\n\t\t\t\t<span class=\"iw-so-number-timer\" data-refresh-interval=\"50\" data-to=\"210\" data-speed=\"1000\" ><\/span>\n\t\t\t<\/p>\n\n\t\t\t<h3 class=\"iw-so-number-title iw-text-center\">Relatori<\/h3>\n\t\n<\/div>\n<\/div><\/div><\/div><div id=\"pgc-2323-2-6\"  class=\"panel-grid-cell\" ><div id=\"panel-2323-2-6-0\" class=\"so-panel widget widget_ink-num-count panel-first-child panel-last-child\" data-index=\"8\" ><div\n\t\t\t\n\t\t\tclass=\"so-widget-ink-num-count so-widget-ink-num-count-number-3c7e0e8a1baa-2323\"\n\t\t\t\n\t\t>\n<div class=\"iw-so-number\">\n\n\t\n\t<p class=\"iw-so-number-count iw-text-center\">\n\t\t\t\t<span class=\"iw-so-number-timer\" data-refresh-interval=\"50\" data-to=\"66\" data-speed=\"1000\" ><\/span>\n\t\t\t<\/p>\n\n\t\t\t<h3 class=\"iw-so-number-title iw-text-center\">B2B<\/h3>\n\t\n<\/div>\n<\/div><\/div><\/div><\/div><\/div><div id=\"pg-2323-3\"  class=\"panel-grid panel-no-style\" ><div id=\"pgc-2323-3-0\"  class=\"panel-grid-cell\" ><div id=\"panel-2323-3-0-0\" class=\"so-panel widget widget_sow-simple-masonry panel-first-child panel-last-child\" data-index=\"9\" ><div\n\t\t\t\n\t\t\tclass=\"so-widget-sow-simple-masonry so-widget-sow-simple-masonry-default-e14a0aa780eb-2323\"\n\t\t\t\n\t\t>\n\n\t<div class=\"sow-masonry-grid-preloader\"><div><\/div><div><\/div><div><\/div><div><\/div><\/div>\n<div class=\"sow-masonry-grid\"\n\tdata-layouts=\"{&quot;desktop&quot;:{&quot;numColumns&quot;:6,&quot;rowHeight&quot;:0,&quot;gutter&quot;:4},&quot;tablet&quot;:{&quot;breakPoint&quot;:768,&quot;numColumns&quot;:3,&quot;rowHeight&quot;:0,&quot;gutter&quot;:4},&quot;mobile&quot;:{&quot;breakPoint&quot;:480,&quot;numColumns&quot;:2,&quot;rowHeight&quot;:0,&quot;gutter&quot;:4}}\" data-layout-origin-left=\"true\" style=\"opacity: 0;\">\n\t\t\t\t<div class=\"sow-masonry-grid-item\" data-col-span=\"2\"\n\t\t\t\tdata-row-span=\"1\">\n\t\t\t\t\n\t\t\t\t\n\t\t\t\t<img loading=\"lazy\" decoding=\"async\" width=\"1920\" height=\"1080\" src=\"https:\/\/www.salonerestaurofirenze.com\/web\/wp-content\/uploads\/2023\/04\/srf22_0000s_0008_DSC_0368.jpg\" class=\"sow-masonry-grid-image\" alt=\"\" title=\"\" srcset=\"https:\/\/www.salonerestaurofirenze.com\/web\/wp-content\/uploads\/2023\/04\/srf22_0000s_0008_DSC_0368.jpg 1920w, https:\/\/www.salonerestaurofirenze.com\/web\/wp-content\/uploads\/2023\/04\/srf22_0000s_0008_DSC_0368-300x169.jpg 300w, https:\/\/www.salonerestaurofirenze.com\/web\/wp-content\/uploads\/2023\/04\/srf22_0000s_0008_DSC_0368-1024x576.jpg 1024w, https:\/\/www.salonerestaurofirenze.com\/web\/wp-content\/uploads\/2023\/04\/srf22_0000s_0008_DSC_0368-768x432.jpg 768w, https:\/\/www.salonerestaurofirenze.com\/web\/wp-content\/uploads\/2023\/04\/srf22_0000s_0008_DSC_0368-1536x864.jpg 1536w\" sizes=\"auto, (max-width: 1920px) 100vw, 1920px\" \/>\n\t\t\t\t\n\t\t\t\t\t\t\t<\/div>\n\t\t\t\t\t\t<div class=\"sow-masonry-grid-item\" data-col-span=\"2\"\n\t\t\t\tdata-row-span=\"1\">\n\t\t\t\t\n\t\t\t\t\n\t\t\t\t<img loading=\"lazy\" decoding=\"async\" width=\"1920\" height=\"1080\" src=\"https:\/\/www.salonerestaurofirenze.com\/web\/wp-content\/uploads\/2023\/04\/srf22_0000s_0007_DSC_0272.jpg\" class=\"sow-masonry-grid-image\" alt=\"\" title=\"\" srcset=\"https:\/\/www.salonerestaurofirenze.com\/web\/wp-content\/uploads\/2023\/04\/srf22_0000s_0007_DSC_0272.jpg 1920w, https:\/\/www.salonerestaurofirenze.com\/web\/wp-content\/uploads\/2023\/04\/srf22_0000s_0007_DSC_0272-300x169.jpg 300w, https:\/\/www.salonerestaurofirenze.com\/web\/wp-content\/uploads\/2023\/04\/srf22_0000s_0007_DSC_0272-1024x576.jpg 1024w, https:\/\/www.salonerestaurofirenze.com\/web\/wp-content\/uploads\/2023\/04\/srf22_0000s_0007_DSC_0272-768x432.jpg 768w, https:\/\/www.salonerestaurofirenze.com\/web\/wp-content\/uploads\/2023\/04\/srf22_0000s_0007_DSC_0272-1536x864.jpg 1536w\" sizes=\"auto, (max-width: 1920px) 100vw, 1920px\" \/>\n\t\t\t\t\n\t\t\t\t\t\t\t<\/div>\n\t\t\t\t\t\t<div class=\"sow-masonry-grid-item\" data-col-span=\"2\"\n\t\t\t\tdata-row-span=\"1\">\n\t\t\t\t\n\t\t\t\t\n\t\t\t\t<img loading=\"lazy\" decoding=\"async\" width=\"1920\" height=\"1080\" src=\"https:\/\/www.salonerestaurofirenze.com\/web\/wp-content\/uploads\/2023\/04\/srf22_0000s_0006_DSC_0318.jpg\" class=\"sow-masonry-grid-image\" alt=\"\" title=\"\" srcset=\"https:\/\/www.salonerestaurofirenze.com\/web\/wp-content\/uploads\/2023\/04\/srf22_0000s_0006_DSC_0318.jpg 1920w, https:\/\/www.salonerestaurofirenze.com\/web\/wp-content\/uploads\/2023\/04\/srf22_0000s_0006_DSC_0318-300x169.jpg 300w, https:\/\/www.salonerestaurofirenze.com\/web\/wp-content\/uploads\/2023\/04\/srf22_0000s_0006_DSC_0318-1024x576.jpg 1024w, https:\/\/www.salonerestaurofirenze.com\/web\/wp-content\/uploads\/2023\/04\/srf22_0000s_0006_DSC_0318-768x432.jpg 768w, https:\/\/www.salonerestaurofirenze.com\/web\/wp-content\/uploads\/2023\/04\/srf22_0000s_0006_DSC_0318-1536x864.jpg 1536w\" sizes=\"auto, (max-width: 1920px) 100vw, 1920px\" \/>\n\t\t\t\t\n\t\t\t\t\t\t\t<\/div>\n\t\t\t\t\t\t<div class=\"sow-masonry-grid-item\" data-col-span=\"2\"\n\t\t\t\tdata-row-span=\"1\">\n\t\t\t\t\n\t\t\t\t\n\t\t\t\t<img loading=\"lazy\" decoding=\"async\" width=\"1920\" height=\"1080\" src=\"https:\/\/www.salonerestaurofirenze.com\/web\/wp-content\/uploads\/2023\/04\/srf22_0000s_0005_DSC_0322.jpg\" class=\"sow-masonry-grid-image\" alt=\"\" title=\"\" srcset=\"https:\/\/www.salonerestaurofirenze.com\/web\/wp-content\/uploads\/2023\/04\/srf22_0000s_0005_DSC_0322.jpg 1920w, https:\/\/www.salonerestaurofirenze.com\/web\/wp-content\/uploads\/2023\/04\/srf22_0000s_0005_DSC_0322-300x169.jpg 300w, https:\/\/www.salonerestaurofirenze.com\/web\/wp-content\/uploads\/2023\/04\/srf22_0000s_0005_DSC_0322-1024x576.jpg 1024w, https:\/\/www.salonerestaurofirenze.com\/web\/wp-content\/uploads\/2023\/04\/srf22_0000s_0005_DSC_0322-768x432.jpg 768w, https:\/\/www.salonerestaurofirenze.com\/web\/wp-content\/uploads\/2023\/04\/srf22_0000s_0005_DSC_0322-1536x864.jpg 1536w\" sizes=\"auto, (max-width: 1920px) 100vw, 1920px\" \/>\n\t\t\t\t\n\t\t\t\t\t\t\t<\/div>\n\t\t\t\t\t\t<div class=\"sow-masonry-grid-item\" data-col-span=\"2\"\n\t\t\t\tdata-row-span=\"1\">\n\t\t\t\t\n\t\t\t\t\n\t\t\t\t<img loading=\"lazy\" decoding=\"async\" width=\"1920\" height=\"1080\" src=\"https:\/\/www.salonerestaurofirenze.com\/web\/wp-content\/uploads\/2023\/04\/srf22_0000s_0004_DSC_0324.jpg\" class=\"sow-masonry-grid-image\" alt=\"\" title=\"\" srcset=\"https:\/\/www.salonerestaurofirenze.com\/web\/wp-content\/uploads\/2023\/04\/srf22_0000s_0004_DSC_0324.jpg 1920w, https:\/\/www.salonerestaurofirenze.com\/web\/wp-content\/uploads\/2023\/04\/srf22_0000s_0004_DSC_0324-300x169.jpg 300w, https:\/\/www.salonerestaurofirenze.com\/web\/wp-content\/uploads\/2023\/04\/srf22_0000s_0004_DSC_0324-1024x576.jpg 1024w, https:\/\/www.salonerestaurofirenze.com\/web\/wp-content\/uploads\/2023\/04\/srf22_0000s_0004_DSC_0324-768x432.jpg 768w, https:\/\/www.salonerestaurofirenze.com\/web\/wp-content\/uploads\/2023\/04\/srf22_0000s_0004_DSC_0324-1536x864.jpg 1536w\" sizes=\"auto, (max-width: 1920px) 100vw, 1920px\" \/>\n\t\t\t\t\n\t\t\t\t\t\t\t<\/div>\n\t\t\t\t\t\t<div class=\"sow-masonry-grid-item\" data-col-span=\"2\"\n\t\t\t\tdata-row-span=\"1\">\n\t\t\t\t\n\t\t\t\t\n\t\t\t\t<img loading=\"lazy\" decoding=\"async\" width=\"1920\" height=\"1080\" src=\"https:\/\/www.salonerestaurofirenze.com\/web\/wp-content\/uploads\/2023\/04\/srf22_0000s_0003_DSC_0330.jpg\" class=\"sow-masonry-grid-image\" alt=\"\" title=\"\" srcset=\"https:\/\/www.salonerestaurofirenze.com\/web\/wp-content\/uploads\/2023\/04\/srf22_0000s_0003_DSC_0330.jpg 1920w, https:\/\/www.salonerestaurofirenze.com\/web\/wp-content\/uploads\/2023\/04\/srf22_0000s_0003_DSC_0330-300x169.jpg 300w, https:\/\/www.salonerestaurofirenze.com\/web\/wp-content\/uploads\/2023\/04\/srf22_0000s_0003_DSC_0330-1024x576.jpg 1024w, https:\/\/www.salonerestaurofirenze.com\/web\/wp-content\/uploads\/2023\/04\/srf22_0000s_0003_DSC_0330-768x432.jpg 768w, https:\/\/www.salonerestaurofirenze.com\/web\/wp-content\/uploads\/2023\/04\/srf22_0000s_0003_DSC_0330-1536x864.jpg 1536w\" sizes=\"auto, (max-width: 1920px) 100vw, 1920px\" \/>\n\t\t\t\t\n\t\t\t\t\t\t\t<\/div>\n\t\t\t\t\t\t<div class=\"sow-masonry-grid-item\" data-col-span=\"2\"\n\t\t\t\tdata-row-span=\"1\">\n\t\t\t\t\n\t\t\t\t\n\t\t\t\t<img loading=\"lazy\" decoding=\"async\" width=\"1920\" height=\"1080\" src=\"https:\/\/www.salonerestaurofirenze.com\/web\/wp-content\/uploads\/2023\/04\/srf22_0000s_0002_DSC_0345.jpg\" class=\"sow-masonry-grid-image\" alt=\"\" title=\"\" srcset=\"https:\/\/www.salonerestaurofirenze.com\/web\/wp-content\/uploads\/2023\/04\/srf22_0000s_0002_DSC_0345.jpg 1920w, https:\/\/www.salonerestaurofirenze.com\/web\/wp-content\/uploads\/2023\/04\/srf22_0000s_0002_DSC_0345-300x169.jpg 300w, https:\/\/www.salonerestaurofirenze.com\/web\/wp-content\/uploads\/2023\/04\/srf22_0000s_0002_DSC_0345-1024x576.jpg 1024w, https:\/\/www.salonerestaurofirenze.com\/web\/wp-content\/uploads\/2023\/04\/srf22_0000s_0002_DSC_0345-768x432.jpg 768w, https:\/\/www.salonerestaurofirenze.com\/web\/wp-content\/uploads\/2023\/04\/srf22_0000s_0002_DSC_0345-1536x864.jpg 1536w\" sizes=\"auto, (max-width: 1920px) 100vw, 1920px\" \/>\n\t\t\t\t\n\t\t\t\t\t\t\t<\/div>\n\t\t\t\t\t\t<div class=\"sow-masonry-grid-item\" data-col-span=\"2\"\n\t\t\t\tdata-row-span=\"1\">\n\t\t\t\t\n\t\t\t\t\n\t\t\t\t<img loading=\"lazy\" decoding=\"async\" width=\"1920\" height=\"1080\" src=\"https:\/\/www.salonerestaurofirenze.com\/web\/wp-content\/uploads\/2023\/04\/srf22_0000s_0001_DSC_0349.jpg\" class=\"sow-masonry-grid-image\" alt=\"\" title=\"\" srcset=\"https:\/\/www.salonerestaurofirenze.com\/web\/wp-content\/uploads\/2023\/04\/srf22_0000s_0001_DSC_0349.jpg 1920w, https:\/\/www.salonerestaurofirenze.com\/web\/wp-content\/uploads\/2023\/04\/srf22_0000s_0001_DSC_0349-300x169.jpg 300w, https:\/\/www.salonerestaurofirenze.com\/web\/wp-content\/uploads\/2023\/04\/srf22_0000s_0001_DSC_0349-1024x576.jpg 1024w, https:\/\/www.salonerestaurofirenze.com\/web\/wp-content\/uploads\/2023\/04\/srf22_0000s_0001_DSC_0349-768x432.jpg 768w, https:\/\/www.salonerestaurofirenze.com\/web\/wp-content\/uploads\/2023\/04\/srf22_0000s_0001_DSC_0349-1536x864.jpg 1536w\" sizes=\"auto, (max-width: 1920px) 100vw, 1920px\" \/>\n\t\t\t\t\n\t\t\t\t\t\t\t<\/div>\n\t\t\t\t\t\t<div class=\"sow-masonry-grid-item\" data-col-span=\"2\"\n\t\t\t\tdata-row-span=\"1\">\n\t\t\t\t\n\t\t\t\t\n\t\t\t\t<img loading=\"lazy\" decoding=\"async\" width=\"1920\" height=\"1080\" src=\"https:\/\/www.salonerestaurofirenze.com\/web\/wp-content\/uploads\/2023\/04\/srf22_0000s_0000_DSC_0350.jpg\" class=\"sow-masonry-grid-image\" alt=\"\" title=\"\" srcset=\"https:\/\/www.salonerestaurofirenze.com\/web\/wp-content\/uploads\/2023\/04\/srf22_0000s_0000_DSC_0350.jpg 1920w, https:\/\/www.salonerestaurofirenze.com\/web\/wp-content\/uploads\/2023\/04\/srf22_0000s_0000_DSC_0350-300x169.jpg 300w, https:\/\/www.salonerestaurofirenze.com\/web\/wp-content\/uploads\/2023\/04\/srf22_0000s_0000_DSC_0350-1024x576.jpg 1024w, https:\/\/www.salonerestaurofirenze.com\/web\/wp-content\/uploads\/2023\/04\/srf22_0000s_0000_DSC_0350-768x432.jpg 768w, https:\/\/www.salonerestaurofirenze.com\/web\/wp-content\/uploads\/2023\/04\/srf22_0000s_0000_DSC_0350-1536x864.jpg 1536w\" sizes=\"auto, (max-width: 1920px) 100vw, 1920px\" \/>\n\t\t\t\t\n\t\t\t\t\t\t\t<\/div>\n\t\t\t\n<\/div>\n<\/div><\/div><\/div><\/div><\/div>","protected":false},"excerpt":{"rendered":"<p>EDIZIONE 2024 Dopo il periodo di pausa dovuto all\u2019emergenza Covid, il \u00a0Salone dell\u2019Arte e del Restauro di Firenze ritorna in presenza organizzando la sua VIII edizione, nei giorni 16, 17 e 18 maggio 2022 presso il Palazzo della Borsa della&#8230;<\/p>\n<div class=\"more-link-wrapper\"><a class=\"more-link\" href=\"https:\/\/www.salonerestaurofirenze.com\/web\/edizione-2024\/\"><span class=\"more-text\">Continua a leggere<\/span><\/a><\/div>\n","protected":false},"author":3,"featured_media":0,"parent":0,"menu_order":0,"comment_status":"closed","ping_status":"closed","template":"","meta":{"_monsterinsights_skip_tracking":false,"_monsterinsights_sitenote_active":false,"_monsterinsights_sitenote_note":"","_monsterinsights_sitenote_category":0,"footnotes":""},"class_list":["post-2323","page","type-page","status-publish","hentry","post"],"yoast_head":"<!-- This site is optimized with the Yoast SEO plugin v28.4 - https:\/\/yoast.com\/product\/yoast-seo-wordpress\/ -->\n<title>Edizione 2024 | Salone dell\u2019Arte e del Restauro di Firenze<\/title>\n<meta name=\"robots\" content=\"index, follow, max-snippet:-1, max-image-preview:large, max-video-preview:-1\" \/>\n<link rel=\"canonical\" href=\"https:\/\/www.salonerestaurofirenze.com\/web\/edizione-2024\/\" \/>\n<meta property=\"og:locale\" content=\"it_IT\" \/>\n<meta property=\"og:type\" content=\"article\" \/>\n<meta property=\"og:title\" content=\"Edizione 2024 | Salone dell\u2019Arte e del Restauro di Firenze\" \/>\n<meta property=\"og:description\" content=\"EDIZIONE 2024 Dopo il periodo di pausa dovuto all\u2019emergenza Covid, il \u00a0Salone dell\u2019Arte e del Restauro di Firenze ritorna in presenza organizzando la sua VIII edizione, nei giorni 16, 17 e 18 maggio 2022 presso il Palazzo della Borsa della...Continua a leggere\" \/>\n<meta property=\"og:url\" content=\"https:\/\/www.salonerestaurofirenze.com\/web\/edizione-2024\/\" \/>\n<meta property=\"og:site_name\" content=\"SRF\" \/>\n<meta property=\"article:modified_time\" content=\"2025-05-07T13:25:54+00:00\" \/>\n<meta name=\"twitter:card\" content=\"summary_large_image\" \/>\n<meta name=\"twitter:label1\" content=\"Tempo di lettura stimato\" \/>\n\t<meta name=\"twitter:data1\" content=\"5 minuti\" \/>\n<script type=\"application\/ld+json\" class=\"yoast-schema-graph\">{\"@context\":\"https:\\\/\\\/schema.org\",\"@graph\":[{\"@type\":\"WebPage\",\"@id\":\"https:\\\/\\\/www.salonerestaurofirenze.com\\\/web\\\/edizione-2024\\\/\",\"url\":\"https:\\\/\\\/www.salonerestaurofirenze.com\\\/web\\\/edizione-2024\\\/\",\"name\":\"Edizione 2024 | Salone dell\u2019Arte e del Restauro di Firenze\",\"isPartOf\":{\"@id\":\"https:\\\/\\\/www.salonerestaurofirenze.com\\\/web\\\/#website\"},\"datePublished\":\"2025-05-07T13:24:26+00:00\",\"dateModified\":\"2025-05-07T13:25:54+00:00\",\"breadcrumb\":{\"@id\":\"https:\\\/\\\/www.salonerestaurofirenze.com\\\/web\\\/edizione-2024\\\/#breadcrumb\"},\"inLanguage\":\"it-IT\",\"potentialAction\":[{\"@type\":\"ReadAction\",\"target\":[\"https:\\\/\\\/www.salonerestaurofirenze.com\\\/web\\\/edizione-2024\\\/\"]}]},{\"@type\":\"BreadcrumbList\",\"@id\":\"https:\\\/\\\/www.salonerestaurofirenze.com\\\/web\\\/edizione-2024\\\/#breadcrumb\",\"itemListElement\":[{\"@type\":\"ListItem\",\"position\":1,\"name\":\"Home\",\"item\":\"https:\\\/\\\/www.salonerestaurofirenze.com\\\/web\\\/\"},{\"@type\":\"ListItem\",\"position\":2,\"name\":\"Edizione 2024\"}]},{\"@type\":\"WebSite\",\"@id\":\"https:\\\/\\\/www.salonerestaurofirenze.com\\\/web\\\/#website\",\"url\":\"https:\\\/\\\/www.salonerestaurofirenze.com\\\/web\\\/\",\"name\":\"Salone dell'Arte e del Restauro di Firenze\",\"description\":\"Biennale Internazionale, Musei, Arte, Restauro e Tecnologie\",\"publisher\":{\"@id\":\"https:\\\/\\\/www.salonerestaurofirenze.com\\\/web\\\/#organization\"},\"alternateName\":\"SRF2026\",\"potentialAction\":[{\"@type\":\"SearchAction\",\"target\":{\"@type\":\"EntryPoint\",\"urlTemplate\":\"https:\\\/\\\/www.salonerestaurofirenze.com\\\/web\\\/?s={search_term_string}\"},\"query-input\":{\"@type\":\"PropertyValueSpecification\",\"valueRequired\":true,\"valueName\":\"search_term_string\"}}],\"inLanguage\":\"it-IT\"},{\"@type\":\"Organization\",\"@id\":\"https:\\\/\\\/www.salonerestaurofirenze.com\\\/web\\\/#organization\",\"name\":\"Salone dell'Arte e del Restauro di Firenze\",\"alternateName\":\"SRF2026\",\"url\":\"https:\\\/\\\/www.salonerestaurofirenze.com\\\/web\\\/\",\"logo\":{\"@type\":\"ImageObject\",\"inLanguage\":\"it-IT\",\"@id\":\"https:\\\/\\\/www.salonerestaurofirenze.com\\\/web\\\/#\\\/schema\\\/logo\\\/image\\\/\",\"url\":\"https:\\\/\\\/www.salonerestaurofirenze.com\\\/web\\\/wp-content\\\/uploads\\\/2025\\\/09\\\/Logo-Salone-Arte-Restauro-2026-10E.png\",\"contentUrl\":\"https:\\\/\\\/www.salonerestaurofirenze.com\\\/web\\\/wp-content\\\/uploads\\\/2025\\\/09\\\/Logo-Salone-Arte-Restauro-2026-10E.png\",\"width\":1041,\"height\":639,\"caption\":\"Salone dell'Arte e del Restauro di Firenze\"},\"image\":{\"@id\":\"https:\\\/\\\/www.salonerestaurofirenze.com\\\/web\\\/#\\\/schema\\\/logo\\\/image\\\/\"}}]}<\/script>\n<!-- \/ Yoast SEO plugin. -->","yoast_head_json":{"title":"Edizione 2024 | Salone dell\u2019Arte e del Restauro di Firenze","robots":{"index":"index","follow":"follow","max-snippet":"max-snippet:-1","max-image-preview":"max-image-preview:large","max-video-preview":"max-video-preview:-1"},"canonical":"https:\/\/www.salonerestaurofirenze.com\/web\/edizione-2024\/","og_locale":"it_IT","og_type":"article","og_title":"Edizione 2024 | Salone dell\u2019Arte e del Restauro di Firenze","og_description":"EDIZIONE 2024 Dopo il periodo di pausa dovuto all\u2019emergenza Covid, il \u00a0Salone dell\u2019Arte e del Restauro di Firenze ritorna in presenza organizzando la sua VIII edizione, nei giorni 16, 17 e 18 maggio 2022 presso il Palazzo della Borsa della...Continua a leggere","og_url":"https:\/\/www.salonerestaurofirenze.com\/web\/edizione-2024\/","og_site_name":"SRF","article_modified_time":"2025-05-07T13:25:54+00:00","twitter_card":"summary_large_image","twitter_misc":{"Tempo di lettura stimato":"5 minuti"},"schema":{"@context":"https:\/\/schema.org","@graph":[{"@type":"WebPage","@id":"https:\/\/www.salonerestaurofirenze.com\/web\/edizione-2024\/","url":"https:\/\/www.salonerestaurofirenze.com\/web\/edizione-2024\/","name":"Edizione 2024 | Salone dell\u2019Arte e del Restauro di Firenze","isPartOf":{"@id":"https:\/\/www.salonerestaurofirenze.com\/web\/#website"},"datePublished":"2025-05-07T13:24:26+00:00","dateModified":"2025-05-07T13:25:54+00:00","breadcrumb":{"@id":"https:\/\/www.salonerestaurofirenze.com\/web\/edizione-2024\/#breadcrumb"},"inLanguage":"it-IT","potentialAction":[{"@type":"ReadAction","target":["https:\/\/www.salonerestaurofirenze.com\/web\/edizione-2024\/"]}]},{"@type":"BreadcrumbList","@id":"https:\/\/www.salonerestaurofirenze.com\/web\/edizione-2024\/#breadcrumb","itemListElement":[{"@type":"ListItem","position":1,"name":"Home","item":"https:\/\/www.salonerestaurofirenze.com\/web\/"},{"@type":"ListItem","position":2,"name":"Edizione 2024"}]},{"@type":"WebSite","@id":"https:\/\/www.salonerestaurofirenze.com\/web\/#website","url":"https:\/\/www.salonerestaurofirenze.com\/web\/","name":"Salone dell'Arte e del Restauro di Firenze","description":"Biennale Internazionale, Musei, Arte, Restauro e Tecnologie","publisher":{"@id":"https:\/\/www.salonerestaurofirenze.com\/web\/#organization"},"alternateName":"SRF2026","potentialAction":[{"@type":"SearchAction","target":{"@type":"EntryPoint","urlTemplate":"https:\/\/www.salonerestaurofirenze.com\/web\/?s={search_term_string}"},"query-input":{"@type":"PropertyValueSpecification","valueRequired":true,"valueName":"search_term_string"}}],"inLanguage":"it-IT"},{"@type":"Organization","@id":"https:\/\/www.salonerestaurofirenze.com\/web\/#organization","name":"Salone dell'Arte e del Restauro di Firenze","alternateName":"SRF2026","url":"https:\/\/www.salonerestaurofirenze.com\/web\/","logo":{"@type":"ImageObject","inLanguage":"it-IT","@id":"https:\/\/www.salonerestaurofirenze.com\/web\/#\/schema\/logo\/image\/","url":"https:\/\/www.salonerestaurofirenze.com\/web\/wp-content\/uploads\/2025\/09\/Logo-Salone-Arte-Restauro-2026-10E.png","contentUrl":"https:\/\/www.salonerestaurofirenze.com\/web\/wp-content\/uploads\/2025\/09\/Logo-Salone-Arte-Restauro-2026-10E.png","width":1041,"height":639,"caption":"Salone dell'Arte e del Restauro di Firenze"},"image":{"@id":"https:\/\/www.salonerestaurofirenze.com\/web\/#\/schema\/logo\/image\/"}}]}},"rttpg_featured_image_url":null,"rttpg_author":{"display_name":"Elena Amodei","author_link":"https:\/\/www.salonerestaurofirenze.com\/web\/author\/elena-amodei\/"},"rttpg_comment":0,"rttpg_category":null,"rttpg_excerpt":"EDIZIONE 2024 Dopo il periodo di pausa dovuto all\u2019emergenza Covid, il \u00a0Salone dell\u2019Arte e del Restauro di Firenze ritorna in presenza organizzando la sua VIII edizione, nei giorni 16, 17 e 18 maggio 2022 presso il Palazzo della Borsa della...Continua a leggere","_links":{"self":[{"href":"https:\/\/www.salonerestaurofirenze.com\/web\/wp-json\/wp\/v2\/pages\/2323","targetHints":{"allow":["GET"]}}],"collection":[{"href":"https:\/\/www.salonerestaurofirenze.com\/web\/wp-json\/wp\/v2\/pages"}],"about":[{"href":"https:\/\/www.salonerestaurofirenze.com\/web\/wp-json\/wp\/v2\/types\/page"}],"author":[{"embeddable":true,"href":"https:\/\/www.salonerestaurofirenze.com\/web\/wp-json\/wp\/v2\/users\/3"}],"replies":[{"embeddable":true,"href":"https:\/\/www.salonerestaurofirenze.com\/web\/wp-json\/wp\/v2\/comments?post=2323"}],"version-history":[{"count":2,"href":"https:\/\/www.salonerestaurofirenze.com\/web\/wp-json\/wp\/v2\/pages\/2323\/revisions"}],"predecessor-version":[{"id":2325,"href":"https:\/\/www.salonerestaurofirenze.com\/web\/wp-json\/wp\/v2\/pages\/2323\/revisions\/2325"}],"wp:attachment":[{"href":"https:\/\/www.salonerestaurofirenze.com\/web\/wp-json\/wp\/v2\/media?parent=2323"}],"curies":[{"name":"wp","href":"https:\/\/api.w.org\/{rel}","templated":true}]}}