{"id":1037,"date":"2023-05-30T13:38:57","date_gmt":"2023-05-30T11:38:57","guid":{"rendered":"https:\/\/www.salonerestaurofirenze.com\/web\/?page_id=1037"},"modified":"2023-09-22T11:19:27","modified_gmt":"2023-09-22T09:19:27","slug":"edizione-2016","status":"publish","type":"page","link":"https:\/\/www.salonerestaurofirenze.com\/web\/edizione-2016\/","title":{"rendered":"Edizione 2016"},"content":{"rendered":"<div id=\"pl-1037\"  class=\"panel-layout\" ><div id=\"pg-1037-0\"  class=\"panel-grid panel-has-style\" ><div class=\"siteorigin-panels-stretch panel-row-style panel-row-style-for-1037-0\" data-stretch-type=\"full-stretched\" ><div id=\"pgc-1037-0-0\"  class=\"panel-grid-cell\" ><div id=\"panel-1037-0-0-0\" class=\"so-panel widget widget_sow-hero panel-first-child panel-last-child\" data-index=\"0\" ><div class=\"panel-widget-style panel-widget-style-for-1037-0-0-0\" ><div\n\t\t\t\n\t\t\tclass=\"so-widget-sow-hero so-widget-sow-hero-default-f19f9a3ed1ca-1037 so-widget-fittext-wrapper\"\n\t\t\t data-fit-text-compressor=\"0.85\"\n\t\t>\t\t\t\t<div class=\"sow-slider-base\" style=\"display: none\" tabindex=\"0\">\n\t\t\t\t\t<ul\n\t\t\t\t\tclass=\"sow-slider-images\"\n\t\t\t\t\tdata-settings=\"{&quot;pagination&quot;:true,&quot;speed&quot;:800,&quot;timeout&quot;:8000,&quot;paused&quot;:false,&quot;pause_on_hover&quot;:false,&quot;swipe&quot;:true,&quot;nav_always_show_desktop&quot;:&quot;&quot;,&quot;nav_always_show_mobile&quot;:&quot;&quot;,&quot;breakpoint&quot;:&quot;780px&quot;,&quot;unmute&quot;:false,&quot;anchor&quot;:null}\"\n\t\t\t\t\t\t\t\t\t\tdata-anchor-id=\"\"\n\t\t\t\t>\t\t<li class=\"sow-slider-image  sow-slider-image-cover\" style=\"visibility: visible;;background-image: url(https:\/\/www.salonerestaurofirenze.com\/web\/wp-content\/uploads\/2023\/05\/srf-2016-001.jpg)\" >\n\t\t\t\t\t<div class=\"sow-slider-image-container\">\n\t\t\t<div class=\"sow-slider-image-wrapper\">\n\t\t\t\t<h1 style=\"text-align: left\"><img loading=\"lazy\" decoding=\"async\" class=\"alignnone size-medium wp-image-1215\" src=\"https:\/\/www.salonerestaurofirenze.com\/web\/wp-content\/uploads\/2023\/09\/Logo-Salone-Arte-Restauro-2024-bianco-300x214.png\" alt=\"\" width=\"300\" height=\"214\" srcset=\"https:\/\/www.salonerestaurofirenze.com\/web\/wp-content\/uploads\/2023\/09\/Logo-Salone-Arte-Restauro-2024-bianco-300x214.png 300w, https:\/\/www.salonerestaurofirenze.com\/web\/wp-content\/uploads\/2023\/09\/Logo-Salone-Arte-Restauro-2024-bianco-768x548.png 768w, https:\/\/www.salonerestaurofirenze.com\/web\/wp-content\/uploads\/2023\/09\/Logo-Salone-Arte-Restauro-2024-bianco.png 777w\" sizes=\"auto, (max-width: 300px) 100vw, 300px\" \/><\/h1>\n<h4 class=\"site-title\"><strong>Edizione 2016<\/strong><\/h4>\n<h5>10-12 Novembre 2016<\/h5>\n<h6><strong>Villa Vittoria<\/strong><\/h6>\n<h2><strong>Firenze<\/strong><\/h2>\n\t\t\t<\/div>\n\t\t<\/div>\n\t\t\t\t<\/li>\n\t\t<\/ul>\t\t\t\t<ol class=\"sow-slider-pagination\">\n\t\t\t\t\t\t\t\t\t\t\t<li><a href=\"#\" data-goto=\"0\" aria-label=\"Display slide 1\"><\/a><\/li>\n\t\t\t\t\t\t\t\t\t<\/ol>\n\n\t\t\t\t<div class=\"sow-slide-nav sow-slide-nav-next\">\n\t\t\t\t\t<a href=\"#\" data-goto=\"next\" aria-label=\"Next slide\" data-action=\"next\">\n\t\t\t\t\t\t<em class=\"sow-sld-icon-thin-right\"><\/em>\n\t\t\t\t\t<\/a>\n\t\t\t\t<\/div>\n\n\t\t\t\t<div class=\"sow-slide-nav sow-slide-nav-prev\">\n\t\t\t\t\t<a href=\"#\" data-goto=\"previous\" aria-label=\"Previous slide\" data-action=\"prev\">\n\t\t\t\t\t\t<em class=\"sow-sld-icon-thin-left\"><\/em>\n\t\t\t\t\t<\/a>\n\t\t\t\t<\/div>\n\t\t\t\t<\/div><\/div><\/div><\/div><\/div><\/div><\/div><div id=\"pg-1037-1\"  class=\"panel-grid panel-no-style\" ><div id=\"pgc-1037-1-0\"  class=\"panel-grid-cell\" ><div id=\"panel-1037-1-0-0\" class=\"so-panel widget widget_sow-editor panel-first-child panel-last-child\" data-index=\"1\" ><div\n\t\t\t\n\t\t\tclass=\"so-widget-sow-editor so-widget-sow-editor-base\"\n\t\t\t\n\t\t>\n<div class=\"siteorigin-widget-tinymce textwidget\">\n\t<div id=\"pg-46-0\" class=\"panel-grid panel-no-style\">\n<div id=\"pgc-46-0-0\" class=\"panel-grid-cell\">\n<div id=\"panel-46-0-0-0\" class=\"so-panel widget widget_sow-editor panel-first-child panel-last-child\" data-index=\"0\">\n<div class=\"so-widget-sow-editor so-widget-sow-editor-base\">\n<div class=\"siteorigin-widget-tinymce textwidget\">\n<h1 class=\"site-title\">EDIZIONE <strong>2016<\/strong><\/h1>\n<p>La V edizione del Salone dell\u2019Arte e del Restauro di Firenze, \u00e8 il risultato di un lavoro sostenuto dalla consapevolezza dei successi conseguiti con le precedenti edizioni e dalla volont\u00e0 di realizzare un appuntamento importante, stabile e di riferimento per la nostra Regione e il nostro Paese - territorio di assoluta eccellenza nella produzione di opere, nella formazione specialistica dei giovani, nella ricerca scientifica e nei servizi per la conservazione, il restauro e la valorizzazione del patrimonio culturale ed ambientale.<br \/>\nIl Salone, elaborando un\u2019immagine legata alla Citt\u00e0 di Firenze e all\u2019expertise che le \u00e8 riconosciuta nel Mondo, nel campo della conservazione e del restauro, ha coinvolto le maggiori realt\u00e0 istituzionali e culturali con l\u2019obiettivo di realizzare un nuovo evento di respiro internazionale, altamente scientifico-culturale e commerciale allo stesso tempo.<\/p>\n<p>Il Salone ha poi confermato e attivato, rispetto al 2014, nuovi Patrocini e concretizzato accordi di collaborazione con Enti, Soprintendenze, Fondazioni, Associazioni di Categoria, Istituti di formazione e Aziende la cui presenza e le cui attivit\u00e0 hanno avuto il merito di apportare momenti rilevanti dal punto di vista culturale, della ricerca scientifica e dello sviluppo delle tecnologie innovative del settore.<\/p>\n<p>Tra gli eventi di maggiore interesse ha sicuramente un valore assoluto l\u2019anniversario dei 50 anni dell\u2019alluvione di Firenze del 1966. Il Salone ha celebrato questo anniversario organizzando attivit\u00e0 nell\u2019ambito del progetto \u201cFirenze 2016: l\u2019alluvione, le alluvioni\u201d, quale occasione per rievocare, con mostre e attivit\u00e0 cultuali, la calamit\u00e0 del 1966 che inferse danni ingenti alla citt\u00e0, al tessuto sociale e al grande e inestimabile patrimonio d\u2019arte.<\/p>\n<p>Data l\u2019eccezionalit\u00e0 dell\u2019evento, il 9 novembre il Salone si \u00e8 aperto con una Anteprima Inaugurale al Cenacolo di Santa Croce, luogo simbolo dell\u2019alluvione, alla quale parteciperanno importanti personalit\u00e0 e autorit\u00e0 per proseguire poi con eventi speciali quali: Visite guidate in collaborazione con la Cooperativa Archeologia presso il Cenacolo di Santa Croce, un percorso storico artistico tra le opere di Taddeo Gaddi e Cimabue e al Museo dell\u2019Opera del Duomo tra le opere di Donatello e Ghiberti. Il Convengo dell\u2019Opificio delle Pietre Dure, \u201cDa Ghiberti a Vasari. I restauri nel 50\u00b0 dell\u2019alluvione\u201d. La Presentazione dell\u2019Opificio delle Pietre Dure del restauro dell\u2019Ultima Cena di Giorgio Vasari. Il Convegno organizzato e accreditato dall\u2019Ordine degli Architetti \u201cRestaurare l\u2019Arno. Le linee operative di prevenzione e le ricostruzioni post calamit\u00e0\u201d. \u201cLe mie mani nel Fango: dopo 50 anni voce ai restauratori\u201d: storie e racconti di un mondo di arte spesso dimenticato, narrati dal coraggio e dai polpastrelli dei protagonisti.<\/p>\n<p>Le relazioni internazionali hanno costituito una componente essenziale della strategia di cooperazione, non a caso, in questa quinta edizione il Salone vanta presenze non solo europee ma anche internazionali, come la Saudi Commission for Tourism and National Heritage (SCTH) e il Ministero del Turismo, Cultura, Giovent\u00f9 e Sport dell\u2019Albania con la delegazione dall\u2019Istituto dei Monumenti di Albania (IMK). CLIOMUSE\u2013Grecia \u00e8 l\u2019Official App, una piattaforma SaaS per gestire percorsi tematici digitali.<\/p>\n<p>Sono poi riproposti gli incontri BtoB tra le aziende con le delegazioni provenienti da tutti i Paesi Balcani, organizzati da ICE e Assorestauro, presente anche una delegazione dal Brasile del Museu a C\u00e9u Aberto e dall\u2019Instituto Anastassiadis di Sao Paulo. Per gli eventi ricordiamo i convegni internazionali come The Faddan More Psalter; Discovery and Research into an early medieval manuscript, a cura dell\u2019Associazione Bastioni. Il Salone con il convegno #Unite4HeritageFORSiria, a cura dell\u2019Ufficio Unesco Comune di Firenze, \u00e8 anche occasione per riflettere sui terribili eventi che hanno colpito vite umane e il patrimonio culturale mondiale.<br \/>\nUno sguardo alle donne artiste e restauratrici ce lo offre la Advancing Women Artists Foundation USA.<\/p>\n<p>Sempre a sostegno dei Restauratori e perch\u00e9 vi sia testimonianza futura della missione del Salone, in collaborazione con The Friends of Florence Foundation si \u00e8 svolta la III edizione del \u201cPremio Friends of Florence - Salone Restauro di Firenze 2016\u201d a favore di interventi di restauro, del valore di 20 mila euro.<\/p>\n<\/div>\n<\/div>\n<\/div>\n<\/div>\n<\/div>\n<\/div>\n<\/div><\/div><\/div><\/div><div id=\"pg-1037-2\"  class=\"panel-grid panel-has-style\" ><div class=\"siteorigin-panels-stretch panel-row-style panel-row-style-for-1037-2\" data-stretch-type=\"full\" ><div id=\"pgc-1037-2-0\"  class=\"panel-grid-cell\" ><div id=\"panel-1037-2-0-0\" class=\"so-panel widget widget_ink-num-count panel-first-child panel-last-child\" data-index=\"2\" ><div\n\t\t\t\n\t\t\tclass=\"so-widget-ink-num-count so-widget-ink-num-count-number-3c7e0e8a1baa-1037\"\n\t\t\t\n\t\t>\n<div class=\"iw-so-number\">\n\n\t\n\t<p class=\"iw-so-number-count iw-text-center\">\n\t\t\t\t<span class=\"iw-so-number-timer\" data-refresh-interval=\"50\" data-to=\"118\" data-speed=\"1000\" ><\/span>\n\t\t\t<\/p>\n\n\t\t\t<h3 class=\"iw-so-number-title iw-text-center\">Espositori<\/h3>\n\t\n<\/div>\n<\/div><\/div><\/div><div id=\"pgc-1037-2-1\"  class=\"panel-grid-cell\" ><div id=\"panel-1037-2-1-0\" class=\"so-panel widget widget_ink-num-count panel-first-child panel-last-child\" data-index=\"3\" ><div\n\t\t\t\n\t\t\tclass=\"so-widget-ink-num-count so-widget-ink-num-count-number-3c7e0e8a1baa-1037\"\n\t\t\t\n\t\t>\n<div class=\"iw-so-number\">\n\n\t\n\t<p class=\"iw-so-number-count iw-text-center\">\n\t\t\t\t<span class=\"iw-so-number-timer\" data-refresh-interval=\"50\" data-to=\"7000\" data-speed=\"1000\" ><\/span>\n\t\t\t<\/p>\n\n\t\t\t<h3 class=\"iw-so-number-title iw-text-center\">Visitatori<\/h3>\n\t\n<\/div>\n<\/div><\/div><\/div><div id=\"pgc-1037-2-2\"  class=\"panel-grid-cell\" ><div id=\"panel-1037-2-2-0\" class=\"so-panel widget widget_ink-num-count panel-first-child panel-last-child\" data-index=\"4\" ><div\n\t\t\t\n\t\t\tclass=\"so-widget-ink-num-count so-widget-ink-num-count-number-3c7e0e8a1baa-1037\"\n\t\t\t\n\t\t>\n<div class=\"iw-so-number\">\n\n\t\n\t<p class=\"iw-so-number-count iw-text-center\">\n\t\t\t\t<span class=\"iw-so-number-timer\" data-refresh-interval=\"50\" data-to=\"14\" data-speed=\"1000\" ><\/span>\n\t\t\t<\/p>\n\n\t\t\t<h3 class=\"iw-so-number-title iw-text-center\">Paesi ospitati<\/h3>\n\t\n<\/div>\n<\/div><\/div><\/div><div id=\"pgc-1037-2-3\"  class=\"panel-grid-cell\" ><div id=\"panel-1037-2-3-0\" class=\"so-panel widget widget_ink-num-count panel-first-child panel-last-child\" data-index=\"5\" ><div\n\t\t\t\n\t\t\tclass=\"so-widget-ink-num-count so-widget-ink-num-count-number-3c7e0e8a1baa-1037\"\n\t\t\t\n\t\t>\n<div class=\"iw-so-number\">\n\n\t\n\t<p class=\"iw-so-number-count iw-text-center\">\n\t\t\t\t<span class=\"iw-so-number-timer\" data-refresh-interval=\"50\" data-to=\"14\" data-speed=\"1000\" ><\/span>\n\t\t\t<\/p>\n\n\t\t\t<h3 class=\"iw-so-number-title iw-text-center\">Eventi<\/h3>\n\t\n<\/div>\n<\/div><\/div><\/div><div id=\"pgc-1037-2-4\"  class=\"panel-grid-cell\" ><div id=\"panel-1037-2-4-0\" class=\"so-panel widget widget_ink-num-count panel-first-child panel-last-child\" data-index=\"6\" ><div\n\t\t\t\n\t\t\tclass=\"so-widget-ink-num-count so-widget-ink-num-count-number-3c7e0e8a1baa-1037\"\n\t\t\t\n\t\t>\n<div class=\"iw-so-number\">\n\n\t\n\t<p class=\"iw-so-number-count iw-text-center\">\n\t\t\t\t<span class=\"iw-so-number-timer\" data-refresh-interval=\"50\" data-to=\"184\" data-speed=\"1000\" ><\/span>\n\t\t\t<\/p>\n\n\t\t\t<h3 class=\"iw-so-number-title iw-text-center\">Conferenze<\/h3>\n\t\n<\/div>\n<\/div><\/div><\/div><div id=\"pgc-1037-2-5\"  class=\"panel-grid-cell\" ><div id=\"panel-1037-2-5-0\" class=\"so-panel widget widget_ink-num-count panel-first-child panel-last-child\" data-index=\"7\" ><div\n\t\t\t\n\t\t\tclass=\"so-widget-ink-num-count so-widget-ink-num-count-number-3c7e0e8a1baa-1037\"\n\t\t\t\n\t\t>\n<div class=\"iw-so-number\">\n\n\t\n\t<p class=\"iw-so-number-count iw-text-center\">\n\t\t\t\t<span class=\"iw-so-number-timer\" data-refresh-interval=\"50\" data-to=\"382\" data-speed=\"1000\" ><\/span>\n\t\t\t<\/p>\n\n\t\t\t<h3 class=\"iw-so-number-title iw-text-center\">Relatori<\/h3>\n\t\n<\/div>\n<\/div><\/div><\/div><div id=\"pgc-1037-2-6\"  class=\"panel-grid-cell\" ><div id=\"panel-1037-2-6-0\" class=\"so-panel widget widget_ink-num-count panel-first-child panel-last-child\" data-index=\"8\" ><div\n\t\t\t\n\t\t\tclass=\"so-widget-ink-num-count so-widget-ink-num-count-number-3c7e0e8a1baa-1037\"\n\t\t\t\n\t\t>\n<div class=\"iw-so-number\">\n\n\t\n\t<p class=\"iw-so-number-count iw-text-center\">\n\t\t\t\t<span class=\"iw-so-number-timer\" data-refresh-interval=\"50\" data-to=\"64\" data-speed=\"1000\" ><\/span>\n\t\t\t<\/p>\n\n\t\t\t<h3 class=\"iw-so-number-title iw-text-center\">B2B<\/h3>\n\t\n<\/div>\n<\/div><\/div><\/div><\/div><\/div><div id=\"pg-1037-3\"  class=\"panel-grid panel-no-style\" ><div id=\"pgc-1037-3-0\"  class=\"panel-grid-cell\" ><div id=\"panel-1037-3-0-0\" class=\"so-panel widget widget_sow-simple-masonry panel-first-child panel-last-child\" data-index=\"9\" ><div\n\t\t\t\n\t\t\tclass=\"so-widget-sow-simple-masonry so-widget-sow-simple-masonry-default-e14a0aa780eb-1037\"\n\t\t\t\n\t\t>\n\n\t<div class=\"sow-masonry-grid-preloader\"><div><\/div><div><\/div><div><\/div><div><\/div><\/div>\n<div class=\"sow-masonry-grid\"\n\tdata-layouts=\"{&quot;desktop&quot;:{&quot;numColumns&quot;:6,&quot;rowHeight&quot;:0,&quot;gutter&quot;:4},&quot;tablet&quot;:{&quot;breakPoint&quot;:768,&quot;numColumns&quot;:3,&quot;rowHeight&quot;:0,&quot;gutter&quot;:4},&quot;mobile&quot;:{&quot;breakPoint&quot;:480,&quot;numColumns&quot;:2,&quot;rowHeight&quot;:0,&quot;gutter&quot;:4}}\" data-layout-origin-left=\"true\" style=\"opacity: 0;\">\n\t\t\t\t<div class=\"sow-masonry-grid-item\" data-col-span=\"2\"\n\t\t\t\tdata-row-span=\"1\">\n\t\t\t\t\n\t\t\t\t\n\t\t\t\t<img loading=\"lazy\" decoding=\"async\" width=\"1920\" height=\"1080\" src=\"https:\/\/www.salonerestaurofirenze.com\/web\/wp-content\/uploads\/2023\/05\/srf-2016-001.jpg\" class=\"sow-masonry-grid-image\" alt=\"\" title=\"\" srcset=\"https:\/\/www.salonerestaurofirenze.com\/web\/wp-content\/uploads\/2023\/05\/srf-2016-001.jpg 1920w, https:\/\/www.salonerestaurofirenze.com\/web\/wp-content\/uploads\/2023\/05\/srf-2016-001-300x169.jpg 300w, https:\/\/www.salonerestaurofirenze.com\/web\/wp-content\/uploads\/2023\/05\/srf-2016-001-1024x576.jpg 1024w, https:\/\/www.salonerestaurofirenze.com\/web\/wp-content\/uploads\/2023\/05\/srf-2016-001-768x432.jpg 768w, https:\/\/www.salonerestaurofirenze.com\/web\/wp-content\/uploads\/2023\/05\/srf-2016-001-1536x864.jpg 1536w\" sizes=\"auto, (max-width: 1920px) 100vw, 1920px\" \/>\n\t\t\t\t\n\t\t\t\t\t\t\t<\/div>\n\t\t\t\n<\/div>\n<\/div><\/div><\/div><\/div><\/div>","protected":false},"excerpt":{"rendered":"<p>EDIZIONE 2016 La V edizione del Salone dell\u2019Arte e del Restauro di Firenze, \u00e8 il risultato di un lavoro sostenuto dalla consapevolezza dei successi conseguiti con le precedenti edizioni e dalla volont\u00e0 di realizzare un appuntamento importante, stabile e di&#8230;<\/p>\n<div class=\"more-link-wrapper\"><a class=\"more-link\" href=\"https:\/\/www.salonerestaurofirenze.com\/web\/edizione-2016\/\"><span class=\"more-text\">Continua a leggere<\/span><\/a><\/div>\n","protected":false},"author":1,"featured_media":0,"parent":0,"menu_order":0,"comment_status":"closed","ping_status":"closed","template":"","meta":{"_monsterinsights_skip_tracking":false,"_monsterinsights_sitenote_active":false,"_monsterinsights_sitenote_note":"","_monsterinsights_sitenote_category":0,"footnotes":""},"class_list":["post-1037","page","type-page","status-publish","hentry","post"],"yoast_head":"<!-- This site is optimized with the Yoast SEO plugin v28.4 - https:\/\/yoast.com\/product\/yoast-seo-wordpress\/ -->\n<title>Edizione 2016 | Salone dell\u2019Arte e del Restauro di Firenze<\/title>\n<meta name=\"robots\" content=\"index, follow, max-snippet:-1, max-image-preview:large, max-video-preview:-1\" \/>\n<link rel=\"canonical\" href=\"https:\/\/www.salonerestaurofirenze.com\/web\/edizione-2016\/\" \/>\n<meta property=\"og:locale\" content=\"it_IT\" \/>\n<meta property=\"og:type\" content=\"article\" \/>\n<meta property=\"og:title\" content=\"Edizione 2016 | Salone dell\u2019Arte e del Restauro di Firenze\" \/>\n<meta property=\"og:description\" content=\"EDIZIONE 2016 La V edizione del Salone dell\u2019Arte e del Restauro di Firenze, \u00e8 il risultato di un lavoro sostenuto dalla consapevolezza dei successi conseguiti con le precedenti edizioni e dalla volont\u00e0 di realizzare un appuntamento importante, stabile e di...Continua a leggere\" \/>\n<meta property=\"og:url\" content=\"https:\/\/www.salonerestaurofirenze.com\/web\/edizione-2016\/\" \/>\n<meta property=\"og:site_name\" content=\"SRF\" \/>\n<meta property=\"article:modified_time\" content=\"2023-09-22T09:19:27+00:00\" \/>\n<meta name=\"twitter:card\" content=\"summary_large_image\" \/>\n<meta name=\"twitter:label1\" content=\"Tempo di lettura stimato\" \/>\n\t<meta name=\"twitter:data1\" content=\"4 minuti\" \/>\n<script type=\"application\/ld+json\" class=\"yoast-schema-graph\">{\"@context\":\"https:\\\/\\\/schema.org\",\"@graph\":[{\"@type\":\"WebPage\",\"@id\":\"https:\\\/\\\/www.salonerestaurofirenze.com\\\/web\\\/edizione-2016\\\/\",\"url\":\"https:\\\/\\\/www.salonerestaurofirenze.com\\\/web\\\/edizione-2016\\\/\",\"name\":\"Edizione 2016 | Salone dell\u2019Arte e del Restauro di Firenze\",\"isPartOf\":{\"@id\":\"https:\\\/\\\/www.salonerestaurofirenze.com\\\/web\\\/#website\"},\"datePublished\":\"2023-05-30T11:38:57+00:00\",\"dateModified\":\"2023-09-22T09:19:27+00:00\",\"breadcrumb\":{\"@id\":\"https:\\\/\\\/www.salonerestaurofirenze.com\\\/web\\\/edizione-2016\\\/#breadcrumb\"},\"inLanguage\":\"it-IT\",\"potentialAction\":[{\"@type\":\"ReadAction\",\"target\":[\"https:\\\/\\\/www.salonerestaurofirenze.com\\\/web\\\/edizione-2016\\\/\"]}]},{\"@type\":\"BreadcrumbList\",\"@id\":\"https:\\\/\\\/www.salonerestaurofirenze.com\\\/web\\\/edizione-2016\\\/#breadcrumb\",\"itemListElement\":[{\"@type\":\"ListItem\",\"position\":1,\"name\":\"Home\",\"item\":\"https:\\\/\\\/www.salonerestaurofirenze.com\\\/web\\\/\"},{\"@type\":\"ListItem\",\"position\":2,\"name\":\"Edizione 2016\"}]},{\"@type\":\"WebSite\",\"@id\":\"https:\\\/\\\/www.salonerestaurofirenze.com\\\/web\\\/#website\",\"url\":\"https:\\\/\\\/www.salonerestaurofirenze.com\\\/web\\\/\",\"name\":\"Salone dell'Arte e del Restauro di Firenze\",\"description\":\"Biennale Internazionale, Musei, Arte, Restauro e Tecnologie\",\"publisher\":{\"@id\":\"https:\\\/\\\/www.salonerestaurofirenze.com\\\/web\\\/#organization\"},\"alternateName\":\"SRF2026\",\"potentialAction\":[{\"@type\":\"SearchAction\",\"target\":{\"@type\":\"EntryPoint\",\"urlTemplate\":\"https:\\\/\\\/www.salonerestaurofirenze.com\\\/web\\\/?s={search_term_string}\"},\"query-input\":{\"@type\":\"PropertyValueSpecification\",\"valueRequired\":true,\"valueName\":\"search_term_string\"}}],\"inLanguage\":\"it-IT\"},{\"@type\":\"Organization\",\"@id\":\"https:\\\/\\\/www.salonerestaurofirenze.com\\\/web\\\/#organization\",\"name\":\"Salone dell'Arte e del Restauro di Firenze\",\"alternateName\":\"SRF2026\",\"url\":\"https:\\\/\\\/www.salonerestaurofirenze.com\\\/web\\\/\",\"logo\":{\"@type\":\"ImageObject\",\"inLanguage\":\"it-IT\",\"@id\":\"https:\\\/\\\/www.salonerestaurofirenze.com\\\/web\\\/#\\\/schema\\\/logo\\\/image\\\/\",\"url\":\"https:\\\/\\\/www.salonerestaurofirenze.com\\\/web\\\/wp-content\\\/uploads\\\/2025\\\/09\\\/Logo-Salone-Arte-Restauro-2026-10E.png\",\"contentUrl\":\"https:\\\/\\\/www.salonerestaurofirenze.com\\\/web\\\/wp-content\\\/uploads\\\/2025\\\/09\\\/Logo-Salone-Arte-Restauro-2026-10E.png\",\"width\":1041,\"height\":639,\"caption\":\"Salone dell'Arte e del Restauro di Firenze\"},\"image\":{\"@id\":\"https:\\\/\\\/www.salonerestaurofirenze.com\\\/web\\\/#\\\/schema\\\/logo\\\/image\\\/\"}}]}<\/script>\n<!-- \/ Yoast SEO plugin. -->","yoast_head_json":{"title":"Edizione 2016 | Salone dell\u2019Arte e del Restauro di Firenze","robots":{"index":"index","follow":"follow","max-snippet":"max-snippet:-1","max-image-preview":"max-image-preview:large","max-video-preview":"max-video-preview:-1"},"canonical":"https:\/\/www.salonerestaurofirenze.com\/web\/edizione-2016\/","og_locale":"it_IT","og_type":"article","og_title":"Edizione 2016 | Salone dell\u2019Arte e del Restauro di Firenze","og_description":"EDIZIONE 2016 La V edizione del Salone dell\u2019Arte e del Restauro di Firenze, \u00e8 il risultato di un lavoro sostenuto dalla consapevolezza dei successi conseguiti con le precedenti edizioni e dalla volont\u00e0 di realizzare un appuntamento importante, stabile e di...Continua a leggere","og_url":"https:\/\/www.salonerestaurofirenze.com\/web\/edizione-2016\/","og_site_name":"SRF","article_modified_time":"2023-09-22T09:19:27+00:00","twitter_card":"summary_large_image","twitter_misc":{"Tempo di lettura stimato":"4 minuti"},"schema":{"@context":"https:\/\/schema.org","@graph":[{"@type":"WebPage","@id":"https:\/\/www.salonerestaurofirenze.com\/web\/edizione-2016\/","url":"https:\/\/www.salonerestaurofirenze.com\/web\/edizione-2016\/","name":"Edizione 2016 | Salone dell\u2019Arte e del Restauro di Firenze","isPartOf":{"@id":"https:\/\/www.salonerestaurofirenze.com\/web\/#website"},"datePublished":"2023-05-30T11:38:57+00:00","dateModified":"2023-09-22T09:19:27+00:00","breadcrumb":{"@id":"https:\/\/www.salonerestaurofirenze.com\/web\/edizione-2016\/#breadcrumb"},"inLanguage":"it-IT","potentialAction":[{"@type":"ReadAction","target":["https:\/\/www.salonerestaurofirenze.com\/web\/edizione-2016\/"]}]},{"@type":"BreadcrumbList","@id":"https:\/\/www.salonerestaurofirenze.com\/web\/edizione-2016\/#breadcrumb","itemListElement":[{"@type":"ListItem","position":1,"name":"Home","item":"https:\/\/www.salonerestaurofirenze.com\/web\/"},{"@type":"ListItem","position":2,"name":"Edizione 2016"}]},{"@type":"WebSite","@id":"https:\/\/www.salonerestaurofirenze.com\/web\/#website","url":"https:\/\/www.salonerestaurofirenze.com\/web\/","name":"Salone dell'Arte e del Restauro di Firenze","description":"Biennale Internazionale, Musei, Arte, Restauro e Tecnologie","publisher":{"@id":"https:\/\/www.salonerestaurofirenze.com\/web\/#organization"},"alternateName":"SRF2026","potentialAction":[{"@type":"SearchAction","target":{"@type":"EntryPoint","urlTemplate":"https:\/\/www.salonerestaurofirenze.com\/web\/?s={search_term_string}"},"query-input":{"@type":"PropertyValueSpecification","valueRequired":true,"valueName":"search_term_string"}}],"inLanguage":"it-IT"},{"@type":"Organization","@id":"https:\/\/www.salonerestaurofirenze.com\/web\/#organization","name":"Salone dell'Arte e del Restauro di Firenze","alternateName":"SRF2026","url":"https:\/\/www.salonerestaurofirenze.com\/web\/","logo":{"@type":"ImageObject","inLanguage":"it-IT","@id":"https:\/\/www.salonerestaurofirenze.com\/web\/#\/schema\/logo\/image\/","url":"https:\/\/www.salonerestaurofirenze.com\/web\/wp-content\/uploads\/2025\/09\/Logo-Salone-Arte-Restauro-2026-10E.png","contentUrl":"https:\/\/www.salonerestaurofirenze.com\/web\/wp-content\/uploads\/2025\/09\/Logo-Salone-Arte-Restauro-2026-10E.png","width":1041,"height":639,"caption":"Salone dell'Arte e del Restauro di Firenze"},"image":{"@id":"https:\/\/www.salonerestaurofirenze.com\/web\/#\/schema\/logo\/image\/"}}]}},"rttpg_featured_image_url":null,"rttpg_author":{"display_name":"Francesco Luglio","author_link":"https:\/\/www.salonerestaurofirenze.com\/web\/author\/francesco-luglio\/"},"rttpg_comment":0,"rttpg_category":null,"rttpg_excerpt":"EDIZIONE 2016 La V edizione del Salone dell\u2019Arte e del Restauro di Firenze, \u00e8 il risultato di un lavoro sostenuto dalla consapevolezza dei successi conseguiti con le precedenti edizioni e dalla volont\u00e0 di realizzare un appuntamento importante, stabile e di...Continua a leggere","_links":{"self":[{"href":"https:\/\/www.salonerestaurofirenze.com\/web\/wp-json\/wp\/v2\/pages\/1037","targetHints":{"allow":["GET"]}}],"collection":[{"href":"https:\/\/www.salonerestaurofirenze.com\/web\/wp-json\/wp\/v2\/pages"}],"about":[{"href":"https:\/\/www.salonerestaurofirenze.com\/web\/wp-json\/wp\/v2\/types\/page"}],"author":[{"embeddable":true,"href":"https:\/\/www.salonerestaurofirenze.com\/web\/wp-json\/wp\/v2\/users\/1"}],"replies":[{"embeddable":true,"href":"https:\/\/www.salonerestaurofirenze.com\/web\/wp-json\/wp\/v2\/comments?post=1037"}],"version-history":[{"count":8,"href":"https:\/\/www.salonerestaurofirenze.com\/web\/wp-json\/wp\/v2\/pages\/1037\/revisions"}],"predecessor-version":[{"id":1227,"href":"https:\/\/www.salonerestaurofirenze.com\/web\/wp-json\/wp\/v2\/pages\/1037\/revisions\/1227"}],"wp:attachment":[{"href":"https:\/\/www.salonerestaurofirenze.com\/web\/wp-json\/wp\/v2\/media?parent=1037"}],"curies":[{"name":"wp","href":"https:\/\/api.w.org\/{rel}","templated":true}]}}